{"id":988,"date":"2021-07-12T10:29:42","date_gmt":"2021-07-12T10:29:42","guid":{"rendered":"https:\/\/plancabanyal.es\/galeria-de-planols\/"},"modified":"2025-06-25T11:59:24","modified_gmt":"2025-06-25T09:59:24","slug":"galeria-de-planols","status":"publish","type":"page","link":"https:\/\/plancabanyal.es\/va\/galeria-de-planols\/","title":{"rendered":"Galeria de pl\u00e0nols"},"content":{"rendered":"<p>[vc_section el_id=&#8221;f1&#8243; el_class=&#8221;fases&#8221;][vc_row][vc_column][vc_separator][vc_tta_accordion active_section=&#8221;0&#8243; collapsible_all=&#8221;true&#8221;][vc_tta_section title=&#8221;PEPRI 2001 Susp\u00e9s \u2013 Pl\u00e0nols d\u00b4ordenaci\u00f3&#8221; tab_id=&#8221;1632750828005-4ac06be1-ce92&#8243;][vc_column_text]Esta s\u00e8rie de pl\u00e0nols comen\u00e7a amb un rep\u00e0s del planejament m\u00e9s important de la ciutat de Val\u00e8ncia durant el segle XX, com s\u00f3n els plans comarcals de 1956 i 1966, i el Pla General de 1988.<\/p>\n<p>A continuaci\u00f3 es recullen els pl\u00e0nols essencials que formen la documentaci\u00f3 gr\u00e0fica que definix les determinacions establertes pel Pla Especial de Protecci\u00f3 i Reforma Interior del Cabanyal-Canyamelar, com s\u00f3n: r\u00e8gim urban\u00edstic, edificis protegits, \u00e0mbits d\u2019intervenci\u00f3, \u00e0mbits d\u2019actuaci\u00f3 i equipaments.<\/p>\n<p>Finalment, s\u2019afegeixen pl\u00e0nols en qu\u00e8 se situen els edificis de reallotjament, realitzats i futurs, aix\u00ed com la delimitaci\u00f3 de l\u2019entorn declarat BIC (B\u00e9 d\u2019Inter\u00e9s Cultural).<\/p>\n<p>&nbsp;<\/p>\n<h3>Llistat de Pl\u00e0nols<\/h3>\n<p><a class=\"foobox fbx-link fbx-instance\" href=\"https:\/\/plancabanyal.es\/wp-content\/uploads\/2021\/07\/96d08b4f.jpg\" data-caption-title=\"Pla General d'Ordenaci\u00f3 Urbana de Val\u00e8ncia, 1988\">&gt; Pla General d\u2019Ordenaci\u00f3 Urbana de Val\u00e8ncia, 1988<\/a><br \/>\n<a class=\"foobox fbx-link fbx-instance\" href=\"https:\/\/plancabanyal.es\/wp-content\/uploads\/2021\/07\/ad31df3c.jpg\" data-caption-title=\"Pla General d'Ordenaci\u00f3 Urbana de Val\u00e8ncia, 1966\">&gt; Pla General d\u2019Ordenaci\u00f3 Urbana de Val\u00e8ncia, 1966<\/a><br \/>\n<a class=\"foobox fbx-link fbx-instance\" href=\"https:\/\/plancabanyal.es\/wp-content\/uploads\/2021\/07\/4b252562.jpg\" data-caption-title=\"Pla General d'Ordenaci\u00f3 Urbana de Val\u00e8ncia, 1946\">&gt; Pla General d\u2019Ordenaci\u00f3 Urbana de Val\u00e8ncia, 1946<\/a><br \/>\n&gt; PEPRI, R\u00e8gim urban\u00edstic:\u00a0<a href=\"https:\/\/plancabanyal.es\/wp-content\/uploads\/2021\/07\/df5f692d.pdf\" target=\"_blank\" rel=\"noopener\">Tamany A4<\/a>\u00a0\u2013\u00a0<a href=\"https:\/\/plancabanyal.es\/wp-content\/uploads\/2021\/07\/2ee1833d.pdf\" target=\"_blank\" rel=\"noopener\">Tamany A3<\/a><br \/>\n&gt; PEPRI, Edificis Protegits:\u00a0<a href=\"https:\/\/plancabanyal.es\/wp-content\/uploads\/2021\/07\/d77f9b97.pdf\" target=\"_blank\" rel=\"noopener\">Tamany A4<\/a>\u00a0\u2013\u00a0<a href=\"https:\/\/plancabanyal.es\/wp-content\/uploads\/2021\/07\/94e0280c.pdf\" target=\"_blank\" rel=\"noopener\">Tamany A3<\/a><br \/>\n&gt; PEPRI, \u00c0mbits d\u2019Intervenci\u00f3:\u00a0<a href=\"https:\/\/plancabanyal.es\/wp-content\/uploads\/2021\/07\/3b198cd0.pdf\" target=\"_blank\" rel=\"noopener\">Tamany A4<\/a>\u00a0\u2013\u00a0<a href=\"https:\/\/plancabanyal.es\/wp-content\/uploads\/2021\/07\/0daaee58.pdf\" target=\"_blank\" rel=\"noopener\">Tamany A3<\/a><br \/>\n&gt; PEPRI, \u00c0mbits de Actuaci\u00f3:\u00a0<a href=\"https:\/\/plancabanyal.es\/wp-content\/uploads\/2021\/07\/3ff05cac.pdf\" target=\"_blank\" rel=\"noopener\">Tamany A4<\/a>\u00a0\u2013\u00a0<a href=\"https:\/\/plancabanyal.es\/wp-content\/uploads\/2021\/07\/118e9164.pdf\" target=\"_blank\" rel=\"noopener\">Tamany A3<\/a><br \/>\n&gt; PEPRI, \u00c0mbit BIC:\u00a0<a href=\"https:\/\/plancabanyal.es\/wp-content\/uploads\/2021\/07\/5804678a.pdf\" target=\"_blank\" rel=\"noopener\">Tamany A4<\/a>\u00a0\u2013\u00a0<a href=\"https:\/\/plancabanyal.es\/wp-content\/uploads\/2021\/07\/abda5b2f.pdf\" target=\"_blank\" rel=\"noopener\">Tamany A3<\/a><br \/>\n&gt; PEPRI, Equipaments:\u00a0<a href=\"https:\/\/plancabanyal.es\/wp-content\/uploads\/2021\/07\/9e81c258.pdf\" target=\"_blank\" rel=\"noopener\">Tamany A4<\/a>\u00a0\u2013\u00a0<a href=\"https:\/\/plancabanyal.es\/wp-content\/uploads\/2021\/07\/0007550d.pdf\" target=\"_blank\" rel=\"noopener\">Tamany A3<\/a><br \/>\n&gt; PEPRI, Habitatges de Reallotjament:\u00a0<a href=\"https:\/\/plancabanyal.es\/wp-content\/uploads\/2021\/07\/970b6dd1.pdf\" target=\"_blank\" rel=\"noopener\">Tamany A4<\/a>\u00a0\u2013\u00a0<a href=\"https:\/\/plancabanyal.es\/wp-content\/uploads\/2021\/07\/e9d6293e.pdf\" target=\"_blank\" rel=\"noopener\">Tamany A3<\/a>[\/vc_column_text][\/vc_tta_section][vc_tta_section title=&#8221;PEPRI 2001 Susp\u00e9s \u2013 Pl\u00e0nols d\u00b4informaci\u00f3&#8221; tab_id=&#8221;1632753928750-248b8a83-be49&#8243;][vc_column_text]Estos pl\u00e0nols constitu\u00efxen la foto fixa que mostra l\u2019estat del barri abans de la intervenci\u00f3, i recullen la situaci\u00f3 que va fer necess\u00e0ria la redacci\u00f3 d\u2019un Pla Especial de Protecci\u00f3 que condu\u00efra a la regeneraci\u00f3 i revitalitzaci\u00f3 del barri. Evidencien les mancances que presentava el barri en equipaments i espais p\u00fablics, a m\u00e9s de mostrar diversos aspectes del teixit constru\u00eft, com edat de l\u2019edificaci\u00f3, altures existents, estat de conservaci\u00f3, etc.<\/p>\n<p>&nbsp;<\/p>\n<h3>Llistat de Pl\u00e0nols<\/h3>\n<p><a href=\"https:\/\/plancabanyal.es\/wp-content\/uploads\/2021\/07\/2dffb86a.pdf\" target=\"_blank\" rel=\"noopener\">&gt; Al\u00e7ada de l\u2019edificaci\u00f3<\/a><br \/>\n<a href=\"https:\/\/plancabanyal.es\/wp-content\/uploads\/2021\/07\/0b510de9.pdf\" target=\"_blank\" rel=\"noopener\">&gt; Densitat de l\u2019edificaci\u00f3<\/a><br \/>\n<a href=\"https:\/\/plancabanyal.es\/wp-content\/uploads\/2021\/07\/0635af9b.pdf\" target=\"_blank\" rel=\"noopener\">&gt; Conservaci\u00f3<\/a><br \/>\n<a href=\"https:\/\/plancabanyal.es\/wp-content\/uploads\/2021\/07\/3e74a3c3.pdf\" target=\"_blank\" rel=\"noopener\">&gt; Equipamints<\/a><br \/>\n<a href=\"https:\/\/plancabanyal.es\/wp-content\/uploads\/2021\/07\/7b151327.pdf\" target=\"_blank\" rel=\"noopener\">&gt; An\u00e0lisi Viari i Transport P\u00fablic<\/a><br \/>\n<a href=\"https:\/\/plancabanyal.es\/wp-content\/uploads\/2021\/07\/1e7c922f.pdf\" target=\"_blank\" rel=\"noopener\">&gt; Usos planta baixa<\/a><br \/>\n<a href=\"https:\/\/plancabanyal.es\/wp-content\/uploads\/2021\/07\/8510f589.pdf\" target=\"_blank\" rel=\"noopener\">&gt; Edat d\u2019edificaci\u00f3<\/a><br \/>\n<a href=\"https:\/\/plancabanyal.es\/wp-content\/uploads\/2021\/07\/8510f589-1.pdf\" target=\"_blank\" rel=\"noopener\">&gt; Grau ocupaci\u00f3<\/a><br \/>\n<a href=\"https:\/\/plancabanyal.es\/wp-content\/uploads\/2021\/07\/0d553196.pdf\" target=\"_blank\" rel=\"noopener\">&gt; Usos dominants<\/a>[\/vc_column_text][\/vc_tta_section][vc_tta_section title=&#8221;Pl\u00e0nols hist\u00f2rics&#8221; tab_id=&#8221;1632753965935-09111e73-2518&#8243;][vc_column_text]Els pl\u00e0nols seg\u00fcents constitueixen un recull de la cartografia antiga disponible, i que recull el mateix Pla Especial per tenir en compte els antecedents, m\u00e9s o menys immediats, del planejament que cal definir.<\/p>\n<p>Es tracta d\u2019un rep\u00e0s hist\u00f2ric que evidencia l\u2019antic empla\u00e7ament del nucli pesquer al nord del port de Val\u00e8ncia, i el seu desenvolupament i consolidaci\u00f3 posterior al llarg del segle XIX en l\u2019entorn que ara coneixem.<\/p>\n<p>&nbsp;<\/p>\n<h3>Llistat de Pl\u00e0nols<\/h3>\n<p><a class=\"foobox fbx-link fbx-instance\" href=\"https:\/\/plancabanyal.es\/wp-content\/uploads\/2021\/07\/13b921e2.jpg\" data-caption-title=\"Foto a\u00e8ria. 1998\">&gt; Foto a\u00e8ria. 1998<\/a><\/p>\n<p><a class=\"foobox fbx-link fbx-instance\" href=\"https:\/\/plancabanyal.es\/wp-content\/uploads\/2021\/07\/b654b2c3.jpg\" data-caption-title=\"Pl\u00e0nol de la ciutat de Val\u00e8ncia. 1899\">&gt; Pl\u00e0nol de la ciutat de Val\u00e8ncia. 1899<\/a><\/p>\n<p><a class=\"foobox fbx-link fbx-instance\" href=\"https:\/\/plancabanyal.es\/wp-content\/uploads\/2021\/07\/ca3575b6.jpg\" data-caption-title=\"Pl\u00e0nol de la ciutat de Val\u00e8ncia. 1882\">&gt; Pl\u00e0nol de la ciutat de Val\u00e8ncia. 1892<\/a><\/p>\n<p><a class=\"foobox fbx-link fbx-instance\" href=\"https:\/\/plancabanyal.es\/wp-content\/uploads\/2021\/07\/c8b0197b.jpg\" data-caption-title=\"Plan de Valence. 1877\">&gt; Plan de Valence. 1877<\/a><\/p>\n<p><a class=\"foobox fbx-link fbx-instance\" href=\"https:\/\/plancabanyal.es\/wp-content\/uploads\/2021\/07\/7c632f11.jpg\" data-caption-title=\"Avantprojecte de Ciutat Jard\u00ed. 1872-1904\">&gt; Avantprojecte de Ciutat Jard\u00ed. 1872-1904<\/a><\/p>\n<p><a class=\"foobox fbx-link fbx-instance\" href=\"https:\/\/plancabanyal.es\/wp-content\/uploads\/2021\/07\/2c84c14d.jpg\" data-caption-title=\"Mar Mediterrani. Costa oriental d'Espanya. 1812\">&gt; Mar Mediterrani. Costa oriental d\u2019Espanya. 1812<\/a><\/p>\n<p><a class=\"foobox fbx-link fbx-instance\" href=\"https:\/\/plancabanyal.es\/wp-content\/uploads\/2021\/07\/8c7eca30.jpg\" data-caption-title=\"Plan du siege de Valence. 1812\">&gt; Plan du siege de Valence. 1812<\/a><\/p>\n<p><a class=\"foobox fbx-link fbx-instance\" href=\"https:\/\/plancabanyal.es\/wp-content\/uploads\/2021\/07\/8c79b673.jpg\" data-caption-title=\"Pl\u00e0nol de la ciutat de Val\u00e8ncia. 1812\">&gt; Pl\u00e0nol de la ciutat de Val\u00e8ncia. 1812<\/a><\/p>\n<p><a class=\"foobox fbx-link fbx-instance\" href=\"https:\/\/plancabanyal.es\/wp-content\/uploads\/2021\/07\/1bdf448f.jpg\" data-caption-title=\"Pl\u00e0nol de la ciutat de Val\u00e8ncia i els seus contorns amb les noves obres de Fortificaci\u00f3. 1811\">&gt; Pl\u00e0nol de la ciutat de Val\u00e8ncia i els seus contorns amb les noves obres de Fortificaci\u00f3. 1811. 1811<\/a><\/p>\n<p><a class=\"foobox fbx-link fbx-instance\" href=\"https:\/\/plancabanyal.es\/wp-content\/uploads\/2021\/07\/ef0a648a.jpg\" data-caption-title=\"Pl\u00e0nol de la ciutat de Val\u00e8ncia. 1808\">&gt; Pl\u00e0nol de la ciutat de Val\u00e8ncia. 1808<\/a><\/p>\n<p><a class=\"foobox fbx-link fbx-instance\" href=\"https:\/\/plancabanyal.es\/wp-content\/uploads\/2021\/07\/9b7d6df1.jpg\" data-caption-title=\"Platja de la Ciutat de Val\u00e8ncia. 1796\">&gt; Platja de la Ciutat de Val\u00e8ncia. 1796<\/a><\/p>\n<p><a class=\"foobox fbx-link fbx-instance\" href=\"https:\/\/plancabanyal.es\/wp-content\/uploads\/2021\/07\/deb1c606.jpg\" data-caption-title=\"Platja de la Ciutat de Val\u00e8ncia. 1796\">&gt; Platja de la Ciutat de Val\u00e8ncia. 1796<\/a><\/p>\n<p><a class=\"foobox fbx-link fbx-instance\" href=\"https:\/\/plancabanyal.es\/wp-content\/uploads\/2021\/07\/6e210e3f.jpg\" data-caption-title=\"Situaci\u00f3 a la ciutat\">&gt; Situaci\u00f3 a la ciutat<\/a><\/p>\n<p><a class=\"foobox fbx-link fbx-instance\" href=\"https:\/\/plancabanyal.es\/wp-content\/uploads\/2021\/07\/7116b502.jpg\" data-caption-title=\"Enquadrament territorial\">&gt; Enquadrament territorial<\/a>[\/vc_column_text][\/vc_tta_section][\/vc_tta_accordion][\/vc_column][\/vc_row][\/vc_section]<\/p>\n","protected":false},"excerpt":{"rendered":"<p>[vc_section el_id=&#8221;f1&#8243; el_class=&#8221;fases&#8221;][vc_row][vc_column][vc_separator][vc_tta_accordion active_section=&#8221;0&#8243; collapsible_all=&#8221;true&#8221;][vc_tta_section title=&#8221;PEPRI 2001 Susp\u00e9s \u2013 Pl\u00e0nols d\u00b4ordenaci\u00f3&#8221; tab_id=&#8221;1632750828005-4ac06be1-ce92&#8243;][vc_column_text]Esta s\u00e8rie de pl\u00e0nols comen\u00e7a amb un rep\u00e0s del [&hellip;]<\/p>\n","protected":false},"author":1,"featured_media":0,"parent":0,"menu_order":0,"comment_status":"closed","ping_status":"closed","template":"","meta":{"site-sidebar-layout":"no-sidebar","site-content-layout":"plain-container","ast-site-content-layout":"default","site-content-style":"default","site-sidebar-style":"default","ast-global-header-display":"","ast-banner-title-visibility":"","ast-main-header-display":"","ast-hfb-above-header-display":"","ast-hfb-below-header-display":"","ast-hfb-mobile-header-display":"","site-post-title":"disabled","ast-breadcrumbs-content":"","ast-featured-img":"disabled","footer-sml-layout":"","theme-transparent-header-meta":"default","adv-header-id-meta":"","stick-header-meta":"","header-above-stick-meta":"","header-main-stick-meta":"","header-below-stick-meta":"","astra-migrate-meta-layouts":"set","ast-page-background-enabled":"default","ast-page-background-meta":{"desktop":{"background-color":"var(--ast-global-color-5)","background-image":"","background-repeat":"repeat","background-position":"center center","background-size":"auto","background-attachment":"scroll","background-type":"","background-media":"","overlay-type":"","overlay-color":"","overlay-opacity":"","overlay-gradient":""},"tablet":{"background-color":"","background-image":"","background-repeat":"repeat","background-position":"center center","background-size":"auto","background-attachment":"scroll","background-type":"","background-media":"","overlay-type":"","overlay-color":"","overlay-opacity":"","overlay-gradient":""},"mobile":{"background-color":"","background-image":"","background-repeat":"repeat","background-position":"center center","background-size":"auto","background-attachment":"scroll","background-type":"","background-media":"","overlay-type":"","overlay-color":"","overlay-opacity":"","overlay-gradient":""}},"ast-content-background-meta":{"desktop":{"background-color":"var(--ast-global-color-4)","background-image":"","background-repeat":"repeat","background-position":"center center","background-size":"auto","background-attachment":"scroll","background-type":"","background-media":"","overlay-type":"","overlay-color":"","overlay-opacity":"","overlay-gradient":""},"tablet":{"background-color":"var(--ast-global-color-4)","background-image":"","background-repeat":"repeat","background-position":"center center","background-size":"auto","background-attachment":"scroll","background-type":"","background-media":"","overlay-type":"","overlay-color":"","overlay-opacity":"","overlay-gradient":""},"mobile":{"background-color":"var(--ast-global-color-4)","background-image":"","background-repeat":"repeat","background-position":"center center","background-size":"auto","background-attachment":"scroll","background-type":"","background-media":"","overlay-type":"","overlay-color":"","overlay-opacity":"","overlay-gradient":""}}},"acf":[],"_links":{"self":[{"href":"https:\/\/plancabanyal.es\/va\/wp-json\/wp\/v2\/pages\/988"}],"collection":[{"href":"https:\/\/plancabanyal.es\/va\/wp-json\/wp\/v2\/pages"}],"about":[{"href":"https:\/\/plancabanyal.es\/va\/wp-json\/wp\/v2\/types\/page"}],"author":[{"embeddable":true,"href":"https:\/\/plancabanyal.es\/va\/wp-json\/wp\/v2\/users\/1"}],"replies":[{"embeddable":true,"href":"https:\/\/plancabanyal.es\/va\/wp-json\/wp\/v2\/comments?post=988"}],"version-history":[{"count":14,"href":"https:\/\/plancabanyal.es\/va\/wp-json\/wp\/v2\/pages\/988\/revisions"}],"predecessor-version":[{"id":12268,"href":"https:\/\/plancabanyal.es\/va\/wp-json\/wp\/v2\/pages\/988\/revisions\/12268"}],"wp:attachment":[{"href":"https:\/\/plancabanyal.es\/va\/wp-json\/wp\/v2\/media?parent=988"}],"curies":[{"name":"wp","href":"https:\/\/api.w.org\/{rel}","templated":true}]}}