{"id":5550,"date":"2021-09-22T10:44:29","date_gmt":"2021-09-22T08:44:29","guid":{"rendered":"https:\/\/plancabanyal.es\/?page_id=5550"},"modified":"2025-10-08T13:21:05","modified_gmt":"2025-10-08T11:21:05","slug":"arrur","status":"publish","type":"page","link":"https:\/\/plancabanyal.es\/va\/arrur\/","title":{"rendered":"ARRU 2022"},"content":{"rendered":"<p>[vc_row][vc_column][vc_separator][vc_column_text]<\/p>\n<h4>ARRU II (Pla Estatal Vivenda 2018-2021)<br \/>\nSubvencions per a la Reedificaci\u00f3 i Rehabilitaci\u00f3 d&#8217;edificis i vivendes dins de l&#8217;\u00c0rea de Regeneraci\u00f3 i Renovaci\u00f3 Urbana Cabanyal-Canyamelar<\/h4>\n<p>[\/vc_column_text][vc_column_text]<\/p>\n<h3>Bases convocat\u00f2ria<\/h3>\n<ul>\n<li><a href=\"https:\/\/plancabanyal.es\/wp-content\/uploads\/2024\/05\/240513_Ayto.-Vcia._PIAE_Serv.-Viv._Acuerdo-JGL-aprobacion-listas-definitivas-solic.-ARRU-2-1.pdf\">Acord de JGL de 10 de maig de 2024 pel que s\u2019aprova la llista de persones benefici\u00e0ries i excloses de la convocat\u00f2ria de subvencions per a la reedificaci\u00f3 i rehabilitaci\u00f3 d\u2019edificis i habitatges dins de l\u2019\u00c0rea de Regeneraci\u00f3 i Renovaci\u00f3 Urbana Cabanyal-Canyamelar a Val\u00e8ncia, Pla Estatal 2018-2021.<\/a><\/li>\n<\/ul>\n<p>&nbsp;<\/p>\n<h3>Publicaci\u00f3 de la Convocat\u00f2ria en el BOP<\/h3>\n<p><a href=\"https:\/\/plancabanyal.es\/wp-content\/uploads\/2022\/09\/220901_Anuncio-convocatoria-BOP.pdf\">Butllet\u00ed Oficial de la Prov\u00edncia (B.O.P. 01\/09\/2022)<\/a><\/p>\n<p>&nbsp;<\/p>\n<h3>Impresos de la sol\u00b7licitud d&#8217;ajudes<\/h3>\n<ul>\n<li><a href=\"https:\/\/plancabanyal.es\/wp-content\/uploads\/2022\/10\/220901_Solicitud-Ayuda-ARRU-Rehabilitacion-CCPP-Propietarios-Unicos.pdf\">SOL\u00b7LICITUD AJUDA ARRU REHABILITACI\u00d3 CCPP \u2013 PROPIETARIS \u00daNICS<\/a><\/li>\n<li><a href=\"https:\/\/plancabanyal.es\/wp-content\/uploads\/2022\/10\/220901_Solicitud-Ayuda-ARRU-Reedificacion-CCPP.pdf\">SOL\u00b7LICITUD AJUDA ARRU REEDIFICACI\u00d3 CCPP<\/a><\/li>\n<li><a href=\"https:\/\/plancabanyal.es\/wp-content\/uploads\/2022\/10\/220901_Solicitud-Ayuda-ARRU-Reedificacion-Propietarios-Unicos.pdf\">SOL\u00b7LICITUD AJUDA ARRU REEDIFICACI\u00d3 PROPIETARIS \u00daNICS<\/a><\/li>\n<\/ul>\n<h3><\/h3>\n<p>&nbsp;<\/p>\n<h3><span data-teams=\"true\">Impresos de sol\u00b7licitud de Calificaci\u00f3 Definitiva<\/span><\/h3>\n<ul>\n<li><a href=\"https:\/\/plancabanyal.es\/wp-content\/uploads\/2025\/10\/Solicitud-Calificacion-Definitiva_Reedificacion.pdf\" target=\"_blank\" rel=\"noopener\">SOLICITUD CALIFICACI\u00d3N DEFINITIVA REEDIFICACI\u00d3N<\/a><\/li>\n<li><a href=\"https:\/\/plancabanyal.es\/wp-content\/uploads\/2025\/10\/Solicitud-Calificacion-Definitiva_Rehabilitacion.pdf\" target=\"_blank\" rel=\"noopener\">SOLICITUD CALIFICACI\u00d3N DEFINITIVA REHABILITACI\u00d3N<\/a><\/li>\n<\/ul>\n<h3><\/h3>\n<p>&nbsp;<\/p>\n<h3>Llistats provisionals<\/h3>\n<ul>\n<li><a href=\"https:\/\/plancabanyal.es\/wp-content\/uploads\/2023\/11\/edicto-r.pdf\">Edicte de l\u2019Excelent\u00edssim Ajuntament de Val\u00e8ncia amb llistats provisionals de subvencions per a la reedificaci\u00f3 i rehabilitaci\u00f3 d\u2019 edificis i habitatges dins de l\u2019\u00c0rea de Regeneraci\u00f3 i Renovaci\u00f3 Urbana el Cabanyal-Canyamelar en Val\u00e8ncia, Pla Estatal 2018-2021.<\/a><\/li>\n<\/ul>\n<p>&nbsp;<\/p>\n<h3><strong>Llistats definitius<\/strong><\/h3>\n<ul>\n<li><a href=\"https:\/\/plancabanyal.es\/wp-content\/uploads\/2024\/05\/240513_Edicto_Tablon-Ayto-Vlc_Publicacion-Listados-definitivos.pdf\" target=\"_blank\" rel=\"noopener\">Edicte de l&#8217;Excelent\u00edssim Ajuntament de Val\u00e8ncia amb llistes definitives de sol\u00b7licituds benefici\u00e0ries i excloses de subvencions de l&#8217;\u00c0rea de Regeneraci\u00f3 i Renovaci\u00f3 Urbana Cabanyal-Canyamelar en Val\u00e8ncia, Pla Estatal 2018-2021.<\/a><\/li>\n<\/ul>\n<p>&nbsp;<\/p>\n<h3><strong>Publicacions<\/strong><\/h3>\n<ul>\n<li><a href=\"https:\/\/plancabanyal.es\/wp-content\/uploads\/2022\/11\/Acuerdo.zsig_.pdf\">Acord de la Junta de Govern Local, amb data 25 de novembre de 2022, pel qual es modifica la Cl\u00e0usula Cinquena de la Convocat\u00f2ria de subvencions per a la reedificaci\u00f3 i rehabilitaci\u00f3 d\u2019edificis i habitatges dins de l\u2019\u00c0rea de Regeneraci\u00f3 i Renovaci\u00f3 Urbana El Cabanyal-Canyamelar a Val\u00e8ncia, Pla Estatal 2018-2021, aprovada per acord de data 22 de juliol de 2022, de Junta de Govern Local i s\u2019\u00e0mplia el termini de presentaci\u00f3 de sol\u00b7licituds per un mes, de tal forma que finalitzar\u00e0 el dia 2 de gener de 2023.<\/a><\/li>\n<li><a href=\"https:\/\/plancabanyal.es\/wp-content\/uploads\/2022\/12\/BOP_234_DEL_7-12-2022.pdf\">BOP 07\/12\/2022 Anunci de l\u2019Excelent\u00edssim Ajuntament de Val\u00e8ncia sobre extracte de l\u2019acord de 25 de novembre de 2022 de Govern Local, pel qual es modifica l\u2019acord previ de 22 de juliol de 2022, a l\u2019aprovaci\u00f3 de la convocatoria de subvencions per a la reedificaci\u00f3 rehabilitaci\u00f3 d\u2019edificis i habitatges dins de l\u2019\u00e0rea de regeneraci\u00f3 i renovaci\u00f3 urbana El Cabanyal-Canyamelar en Val\u00e8ncia, pla estatal 2018-2021.<\/a><\/li>\n<li><a href=\"https:\/\/plancabanyal.es\/wp-content\/uploads\/2023\/06\/230612_Serv.-Viv._Acuerdo_Aprobar-Ampliacion-Plazo-Resolv.-Convocat.-ARRU-2-CV.pdf\">Acord Junta de Govern Local de 9 de juny de 2023 per a l\u2019ampliaci\u00f3 del termini de resoluci\u00f3 de la Convocat\u00f2ria de subvencions per la reedificaci\u00f3 i rehabilitaci\u00f3 d\u2019edificis i vivendes dins de l\u2019\u00c0rea de Regeneraci\u00f3 i Renovaci\u00f3 Urbana El Cabanyal-Canyamelar en Val\u00e8ncia, Pla Estatal 2018-2021.<\/a><\/li>\n<li><a href=\"https:\/\/plancabanyal.es\/wp-content\/uploads\/2023\/06\/BOP_121_23-06-2023_AMPLIACION_PLAZO_RESOLVER.pdf\">BOP 23\/06\/2023 Anunci de l\u2019Ajuntamento de Val\u00e8ncia sobre l\u2019ampliaci\u00f3 del termini per a resoldre la convocat\u00f2ria de subvencions per a la reedificaci\u00f3 i rehabilitaci\u00f3 d\u2019edificis i habitatges dins de l\u2019\u00e0rea de regeneraci\u00f3 i renovaci\u00f3 urbana El Cabanyal-Canyamelar en Val\u00e8ncia. Plan Estatal 2018-2021.<\/a><\/li>\n<\/ul>\n<p>&nbsp;<\/p>\n<h3><strong>Normativa d&#8217;aplicaci\u00f3<\/strong><\/h3>\n<ul>\n<li><a href=\"https:\/\/www.boe.es\/eli\/es\/rd\/2018\/03\/09\/106\">Reial decret 106\/2018, de 9 de mar\u00e7, pel qual es regula el Pla Estatal d\u2019Habitatge 2018 \u2013 2021.<\/a><\/li>\n<li><a href=\"https:\/\/www.boe.es\/diario_boe\/txt.php?id=BOE-A-2018-11668\">Resoluci\u00f3 de 2 d\u2019agost de 2018, de la Secretaria General d\u2019Habitatge, per la qual es publica el Conveni amb la Comunitat Valenciana, per a l\u2019execuci\u00f3 del Pla Estatal d\u2019Habitatge 2018-2021.<\/a><\/li>\n<li><a href=\"https:\/\/plancabanyal.es\/wp-content\/uploads\/2021\/07\/ba7b18c69e.pdf\">Acord de la Comissi\u00f3 Bilateral del 29\/10\/2018, relatiu a l\u2019\u00c0rea de Regeneraci\u00f3 i Renovaci\u00f3 Urbana del barri del Cabanyal-Canyamelar de Val\u00e8ncia.<\/a><\/li>\n<li><a href=\"https:\/\/dogv.gva.es\/datos\/2019\/03\/04\/pdf\/2019_2127.pdf\">ORDRE 1\/2019, de 18 de febrer, de la Conselleria d\u2019Habitatge, Obres P\u00fabliques i Vertebraci\u00f3 del Territori, per la qual s\u2019aproven les bases reguladores de les ajudes del Programa de foment de la regeneraci\u00f3 i renovaci\u00f3 urbana i rural del Pla Estatal d\u2019Habitatge 2018- 2021.<\/a><\/li>\n<li><a href=\"https:\/\/plancabanyal.es\/wp-content\/uploads\/2022\/07\/Acuerdo-optimizado-para-web.pdf\">Acord de la Junta de Govern Local, de data 22 de juliol de 2022, pel qual s\u2019aprova la convocat\u00f2ria de subvencions per a la reedificaci\u00f3 i rehabilitaci\u00f3 d\u2019edificis i habitatges en l\u2019\u00e0mbit del ARRU Cabanyal-Canyamelar i s\u2019encarrega a Plan Cabanyal-Canyamelar, S. A. la prestaci\u00f3 del servei d\u2019oficina de gesti\u00f3 del ARRU.<\/a><\/li>\n<li><a href=\"https:\/\/dogv.gva.es\/va\/disposicio-consolidada?signatura=001223\/2015&amp;idioma=es&amp;L=1&amp;url_lista=\">Llei 1\/2015, de 6 de febrer, de la Generalitat, d\u2019Hisenda P\u00fablica, del Sector P\u00fablic Instrumental i de Subvencions.<\/a><\/li>\n<li><a href=\"https:\/\/www.valencia.es\/documents\/20142\/9693426\/BOP+%281%29.pdf\/ec141d67-1477-9eac-9d09-f5ae255dbbf9?t=1605187441915\">Ordenan\u00e7a General de Subvencions de l\u2019Ajuntament de Val\u00e8ncia i els seus Organismes P\u00fablics, aprovada per Resoluci\u00f3 Z-903 de 19 d\u2019octubre del 2016, publicada en el B.O.P. en data 2 de novembre de 2016.<\/a><\/li>\n<li><a href=\"https:\/\/www.boe.es\/buscar\/act.php?id=BOE-A-2006-13371\">Reial decret 887\/2006, de 21 de juliol, pel qual s\u2019aprova el Reglament de la Llei 38\/2003, de 17 de novembre, General de Subvencions.<\/a><\/li>\n<li><a href=\"https:\/\/www.boe.es\/buscar\/act.php?id=BOE-A-2015-10565\">Llei 39\/2015, d\u20191 d\u2019octubre, de Procediment Administratiu Com\u00fa de les Administracions P\u00fabliques.<\/a><\/li>\n<\/ul>\n<p>[\/vc_column_text][\/vc_column][\/vc_row]<\/p>\n","protected":false},"excerpt":{"rendered":"<p>[vc_row][vc_column][vc_separator][vc_column_text] ARRU II (Pla Estatal Vivenda 2018-2021) Subvencions per a la Reedificaci\u00f3 i Rehabilitaci\u00f3 d&#8217;edificis i vivendes dins de l&#8217;\u00c0rea [&hellip;]<\/p>\n","protected":false},"author":1,"featured_media":0,"parent":0,"menu_order":0,"comment_status":"closed","ping_status":"closed","template":"","meta":{"site-sidebar-layout":"no-sidebar","site-content-layout":"plain-container","ast-site-content-layout":"default","site-content-style":"default","site-sidebar-style":"default","ast-global-header-display":"","ast-banner-title-visibility":"","ast-main-header-display":"","ast-hfb-above-header-display":"","ast-hfb-below-header-display":"","ast-hfb-mobile-header-display":"","site-post-title":"disabled","ast-breadcrumbs-content":"","ast-featured-img":"disabled","footer-sml-layout":"","theme-transparent-header-meta":"default","adv-header-id-meta":"","stick-header-meta":"","header-above-stick-meta":"","header-main-stick-meta":"","header-below-stick-meta":"","astra-migrate-meta-layouts":"set","ast-page-background-enabled":"default","ast-page-background-meta":{"desktop":{"background-color":"var(--ast-global-color-5)","background-image":"","background-repeat":"repeat","background-position":"center center","background-size":"auto","background-attachment":"scroll","background-type":"","background-media":"","overlay-type":"","overlay-color":"","overlay-opacity":"","overlay-gradient":""},"tablet":{"background-color":"","background-image":"","background-repeat":"repeat","background-position":"center center","background-size":"auto","background-attachment":"scroll","background-type":"","background-media":"","overlay-type":"","overlay-color":"","overlay-opacity":"","overlay-gradient":""},"mobile":{"background-color":"","background-image":"","background-repeat":"repeat","background-position":"center center","background-size":"auto","background-attachment":"scroll","background-type":"","background-media":"","overlay-type":"","overlay-color":"","overlay-opacity":"","overlay-gradient":""}},"ast-content-background-meta":{"desktop":{"background-color":"var(--ast-global-color-4)","background-image":"","background-repeat":"repeat","background-position":"center center","background-size":"auto","background-attachment":"scroll","background-type":"","background-media":"","overlay-type":"","overlay-color":"","overlay-opacity":"","overlay-gradient":""},"tablet":{"background-color":"var(--ast-global-color-4)","background-image":"","background-repeat":"repeat","background-position":"center center","background-size":"auto","background-attachment":"scroll","background-type":"","background-media":"","overlay-type":"","overlay-color":"","overlay-opacity":"","overlay-gradient":""},"mobile":{"background-color":"var(--ast-global-color-4)","background-image":"","background-repeat":"repeat","background-position":"center center","background-size":"auto","background-attachment":"scroll","background-type":"","background-media":"","overlay-type":"","overlay-color":"","overlay-opacity":"","overlay-gradient":""}}},"acf":[],"_links":{"self":[{"href":"https:\/\/plancabanyal.es\/va\/wp-json\/wp\/v2\/pages\/5550"}],"collection":[{"href":"https:\/\/plancabanyal.es\/va\/wp-json\/wp\/v2\/pages"}],"about":[{"href":"https:\/\/plancabanyal.es\/va\/wp-json\/wp\/v2\/types\/page"}],"author":[{"embeddable":true,"href":"https:\/\/plancabanyal.es\/va\/wp-json\/wp\/v2\/users\/1"}],"replies":[{"embeddable":true,"href":"https:\/\/plancabanyal.es\/va\/wp-json\/wp\/v2\/comments?post=5550"}],"version-history":[{"count":36,"href":"https:\/\/plancabanyal.es\/va\/wp-json\/wp\/v2\/pages\/5550\/revisions"}],"predecessor-version":[{"id":12644,"href":"https:\/\/plancabanyal.es\/va\/wp-json\/wp\/v2\/pages\/5550\/revisions\/12644"}],"wp:attachment":[{"href":"https:\/\/plancabanyal.es\/va\/wp-json\/wp\/v2\/media?parent=5550"}],"curies":[{"name":"wp","href":"https:\/\/api.w.org\/{rel}","templated":true}]}}