{"id":12682,"date":"2025-12-05T13:15:52","date_gmt":"2025-12-05T12:15:52","guid":{"rendered":"https:\/\/plancabanyal.es\/?page_id=12682"},"modified":"2025-12-05T13:15:25","modified_gmt":"2025-12-05T12:15:25","slug":"licitaciones-copia","status":"publish","type":"page","link":"https:\/\/plancabanyal.es\/en\/contractor-profile\/licitaciones-copia\/","title":{"rendered":"Licitaciones &#8212; copia"},"content":{"rendered":"<p>[vc_row][vc_column][vc_separator][vc_column_text]<\/p>\n<h2 style=\"text-align: center;\">Licitaciones inmuebles PCCSA<\/h2>\n<p>[\/vc_column_text][vc_tta_accordion style=&#8221;modern&#8221; active_section=&#8221;19&#8243; collapsible_all=&#8221;true&#8221; css=&#8221;.vc_custom_1749753804010{background-color: #ffffff !important;}&#8221;][vc_tta_section title=&#8221;L2-025&#8243; tab_id=&#8221;1749553009338-e92f1526-8ff3&#8243;][vc_column_text]<span data-contrast=\"auto\">\u202f<\/span><span data-ccp-props=\"{}\">\u00a0<\/span><\/p>\n<p><span data-contrast=\"auto\">De acuerdo con el objeto social de la entidad, la presente oferta de enajenaci\u00f3n de inmuebles persigue la rehabilitaci\u00f3n, revitalizaci\u00f3n y regeneraci\u00f3n del barrio Cabanyal-Canyamelar, propiciando la rehabilitaci\u00f3n y habitaci\u00f3n de locales y viviendas vac\u00edas, con la incorporaci\u00f3n de nuevos residentes.<\/span><span data-ccp-props=\"{}\">\u00a0<\/span><\/p>\n<p><span data-contrast=\"auto\">\u202f<\/span><span data-ccp-props=\"{}\">\u00a0<\/span><\/p>\n<h3>Presentaci\u00f3n de instancias<\/h3>\n<p><span data-contrast=\"auto\">Las instancias se presentar\u00e1n en la forma prevenida en la Cl\u00e1usula 9 del Pliego de condiciones, por Registro de Entrada de PCCSA, en su oficina sita en C\/Amparo Guillem, 4, 46011 Valencia, o, alternativamente, por correo postal a la misma direcci\u00f3n.<\/span><span data-ccp-props=\"{}\">\u00a0<\/span><\/p>\n<p><span data-contrast=\"auto\">Plazo de presentaci\u00f3n de instancias<\/span><span data-contrast=\"auto\">: Desde 21 de octubre hasta 01 de diciembre.<\/span><span data-ccp-props=\"{}\">\u00a0<\/span><\/p>\n<p>&nbsp;<\/p>\n<h3>Documentaci\u00f3n<\/h3>\n<ul>\n<li><a href=\"https:\/\/drive.google.com\/file\/d\/1eFV6K84tZhTFyJhgdCBaz5S2JkV2KF7m\/view?usp=sharing\" target=\"_blank\" rel=\"noopener\"><span data-contrast=\"none\">Pliego de condiciones<\/span><\/a><span data-ccp-props=\"{}\">\u00a0<\/span><\/li>\n<li><a href=\"https:\/\/drive.google.com\/file\/d\/1eFV6K84tZhTFyJhgdCBaz5S2JkV2KF7m\/view?usp=sharing\" target=\"_blank\" rel=\"noopener\"><span data-contrast=\"none\">Anexo I<\/span><\/a><span data-ccp-props=\"{}\">\u00a0<\/span>\n<ul>\n<li><span data-contrast=\"auto\">Documentaci\u00f3n com\u00fan a todos los inmuebles.<\/span><span data-ccp-props=\"{}\">\u00a0<\/span>\n<ul>\n<li><span data-contrast=\"auto\">Plano \u00e1mbito del barrio Cabanyal-Canyamelar<\/span><span data-ccp-props=\"{}\">\u00a0<\/span><\/li>\n<li><span data-contrast=\"auto\">Plano con localizaci\u00f3n inmuebles<\/span><span data-ccp-props=\"{}\">\u00a0<\/span><\/li>\n<li>Informe de circunstancias urban\u00edsticas<\/li>\n<\/ul>\n<\/li>\n<li><span data-contrast=\"auto\">Documentaci\u00f3n relativa a cada uno de los inmuebles.<\/span><span data-ccp-props=\"{}\">\u00a0<\/span>\n<ul>\n<li><span data-contrast=\"auto\">Ficha de car\u00e1cter general.<\/span><span data-ccp-props=\"{}\">\u00a0<\/span><\/li>\n<li><span data-contrast=\"auto\">Ficha urban\u00edstica.<\/span><\/li>\n<li><span data-contrast=\"auto\">Anexo fotogr\u00e1fico.<\/span><span data-ccp-props=\"{}\">\u00a0<\/span><\/li>\n<\/ul>\n<\/li>\n<\/ul>\n<\/li>\n<li><a href=\"https:\/\/drive.google.com\/file\/d\/1XZX_COq7gN75qS2RqM-yEWPT-0lrKLJf\/view?usp=sharing\" target=\"_blank\" rel=\"noopener\"><span data-contrast=\"none\">Anexo II (Modelo de Oferta Econ\u00f3mica)<\/span><\/a><span data-ccp-props=\"{}\">\u00a0<\/span><\/li>\n<li><a href=\"https:\/\/drive.google.com\/file\/d\/1S2qKRAki6HRydjN9Uy3UftBwAotN6t9I\/view?usp=sharing\" target=\"_blank\" rel=\"noopener\"><span data-contrast=\"none\">Modelo de instancia<\/span><\/a><span data-ccp-props=\"{}\">\u00a0<\/span><\/li>\n<li><a href=\"https:\/\/drive.google.com\/file\/d\/13aPrArOnJ4efq2C9QlUhSf2Z59KGMl-S\/view?usp=sharing\" target=\"_blank\" rel=\"noopener\"><span data-contrast=\"none\">Modelo DR I<\/span><\/a><span data-ccp-props=\"{}\">\u00a0<\/span><\/li>\n<li><a href=\"https:\/\/drive.google.com\/file\/d\/13aPrArOnJ4efq2C9QlUhSf2Z59KGMl-S\/view?usp=sharing\" target=\"_blank\" rel=\"noopener\"><span data-contrast=\"none\">Modelo DR II<\/span><\/a><span data-ccp-props=\"{}\">\u00a0<\/span><\/li>\n<li><a href=\"https:\/\/drive.google.com\/file\/d\/1ouUTyUfRyE9BdSN058flhbYAinoUKggJ\/view?usp=sharing\" target=\"_blank\" rel=\"noopener\"><span data-contrast=\"none\">Modelo DR III<\/span><\/a><span data-ccp-props=\"{}\">\u00a0<\/span><\/li>\n<li><a href=\"https:\/\/drive.google.com\/file\/d\/11zZyQAz8qT58EU0IAoRE0GOhgsK5c9wj\/view?usp=sharing\" target=\"_blank\" rel=\"noopener\"><span data-contrast=\"none\">Modelo de representaci\u00f3n<\/span><\/a><span data-ccp-props=\"{}\">\u00a0<\/span><\/li>\n<\/ul>\n<p><span data-contrast=\"auto\">\u202f<\/span><span data-ccp-props=\"{}\">\u00a0<\/span><\/p>\n<h3>Expedientes que forman parte de la licitaci\u00f3n L2-025<\/h3>\n<ul>\n<li><span data-contrast=\"auto\">L2-025\/01 \u2013 \u00c1ngeles 22 \u2013 Bajo \u202f<\/span><a href=\"https:\/\/drive.google.com\/file\/d\/1Fug4vlr0Ms2pEoDBS8-dblwKfk5KVIYN\/view?usp=sharing\" target=\"_blank\" rel=\"noopener\"><span data-contrast=\"none\">(enlace a la ficha)<\/span><\/a><span data-ccp-props=\"{}\">\u00a0<\/span><\/li>\n<li><span data-contrast=\"auto\">L2-025-02 \u2013 \u00c1ngeles 22 \u2013 1\u00ba\u202f<\/span><a href=\"https:\/\/drive.google.com\/file\/d\/1r9aYOIcmkSpPriPbfiE8KRIb9hcw1_Bt\/view?usp=sharing\" target=\"_blank\" rel=\"noopener\"><span data-contrast=\"none\">(enlace a la ficha)<\/span><\/a><span data-ccp-props=\"{}\">\u00a0<\/span><\/li>\n<li><span data-contrast=\"auto\">L2-025-03 \u2013 Francisco Eximenis 28-Bajo\u202f<\/span><a href=\"https:\/\/drive.google.com\/file\/d\/1xwixXdGN3fLsiL2JIUjtalX1RGR6NjpY\/view?usp=sharing\" target=\"_blank\" rel=\"noopener\"><span data-contrast=\"none\">(enlace a la ficha)<\/span><\/a><span data-ccp-props=\"{}\">\u00a0<\/span><\/li>\n<li><span data-contrast=\"auto\">L2-025-04 \u2013 Francisco Eximenis 28-1\u00ba\u202f<\/span><a href=\"https:\/\/drive.google.com\/file\/d\/1foxi7quen3xcBQgY3fyyxjWeIEo46NLs\/view?usp=sharing\" target=\"_blank\" rel=\"noopener\"><span data-contrast=\"none\">(enlace a la ficha)<\/span><\/a><span data-ccp-props=\"{}\">\u00a0<\/span><\/li>\n<li><span data-contrast=\"auto\">L2-025-05 \u2013 Vidal de Canelles 20 \u2013 Bajo\u202f<\/span><a href=\"https:\/\/drive.google.com\/file\/d\/1hBWTRzyCaq-UAkTkqKRWhOO9upOI-KAS\/view?usp=sharing\" target=\"_blank\" rel=\"noopener\"><span data-contrast=\"none\">(enlace a la ficha)<\/span><\/a><span data-ccp-props=\"{}\">\u00a0<\/span><\/li>\n<li><span data-contrast=\"auto\">L2-025-06 \u2013 Vidal de Canelles 20 \u2013 1\u00ba\u202f<\/span><a href=\"https:\/\/drive.google.com\/file\/d\/1ARIlyBhWxe2Vo1kiTwDDxc1aEnEl3cw1\/view?usp=sharing\" target=\"_blank\" rel=\"noopener\"><span data-contrast=\"none\">(enlace a la ficha)<\/span><\/a><span data-ccp-props=\"{}\">\u00a0<\/span><\/li>\n<\/ul>\n<p>&nbsp;<\/p>\n<h3>Visitas a los inmuebles<\/h3>\n<p><span data-contrast=\"auto\">Los inmuebles objeto de enajenaci\u00f3n mediante la licitaci\u00f3n L2-025 podr\u00e1n ser visitados\u202f<\/span><b><span data-contrast=\"auto\">desde el d\u00eda 27\/10\/2025 hasta el d\u00eda 21\/11\/2025,\u202f<\/span><\/b><span data-contrast=\"auto\">siguiendo las indicaciones que figuran en el\u202f <\/span><a href=\"https:\/\/drive.google.com\/file\/d\/1VNkDaDs8hoB2nNVTR4w3zeCCCIqxaBUW\/view?usp=sharing\" target=\"_blank\" rel=\"noopener\"><span data-contrast=\"none\">Comunicado de Gerencia (calendario de visitas)<\/span><\/a><span data-contrast=\"auto\">.<\/span><span data-ccp-props=\"{}\">\u00a0<\/span><\/p>\n<p>&nbsp;<\/p>\n<p>&nbsp;<\/p>\n<h3>Publicaciones relativas a la licitaci\u00f3n L2-025<\/h3>\n<ul>\n<li><a href=\"https:\/\/drive.google.com\/file\/d\/1VNkDaDs8hoB2nNVTR4w3zeCCCIqxaBUW\/view?usp=sharing\" target=\"_blank\" rel=\"noopener\">Comunicado Gerencia_Calendario de Visitas L2-025-F<\/a><\/li>\n<li><a href=\"https:\/\/drive.google.com\/file\/d\/1sB0eYrgGR4l0WiFB9Y7vSprEjvCVNtTM\/view?usp=sharing\" target=\"_blank\" rel=\"noopener\">251107_Aclaraciones Pliego L2-025<\/a><\/li>\n<li><a href=\"https:\/\/plancabanyal.es\/wp-content\/uploads\/2025\/12\/251205-Acta-Apertura-Sobre-II.pdf\">251205_Acta Apertura Sobre II<\/a><\/li>\n<li><a style=\"font-size: 16px; background-color: #ffffff;\" href=\"https:\/\/plancabanyal.es\/wp-content\/uploads\/2025\/12\/251205_Comunicado-Gerencia_Apertura-Sobre-I-F.pdf\">251205_Comunicado Gerencia_Apertura Sobre I<\/a><!--more--><\/li>\n<\/ul>\n<p>&nbsp;<\/p>\n<p>Enlace a la licitaci\u00f3n en la Plataforma de Contrataci\u00f3n del Sector P\u00fablico[\/vc_column_text][\/vc_tta_section][vc_tta_section title=&#8221;L1-025&#8243; tab_id=&#8221;1760696870347-7f0b969f-01f4&#8243;][vc_column_text]<span data-contrast=\"auto\">\u202f<\/span><span data-ccp-props=\"{}\">\u00a0<\/span><\/p>\n<p><span data-contrast=\"auto\">De acuerdo con el objeto social de la entidad, la presente oferta de enajenaci\u00f3n de inmuebles persigue la rehabilitaci\u00f3n, revitalizaci\u00f3n y regeneraci\u00f3n del barrio Cabanyal-Canyamelar, propiciando la rehabilitaci\u00f3n y habitaci\u00f3n de locales y viviendas vac\u00edas, con la incorporaci\u00f3n de nuevos residentes.<\/span><span data-ccp-props=\"{}\">\u00a0<\/span><\/p>\n<p><span data-contrast=\"auto\">\u202f<\/span><span data-ccp-props=\"{}\">\u00a0<\/span><\/p>\n<h3>Presentaci\u00f3n de instancias<\/h3>\n<p><span data-contrast=\"auto\">Las instancias se presentar\u00e1n en la forma prevenida en la Cl\u00e1usula 9 del Pliego de condiciones, por Registro de Entrada de PCCSA, en su oficina sita en C\/Amparo Guillem, 4, 46011 Valencia, o, alternativamente, por correo postal a la misma direcci\u00f3n.<\/span><span data-ccp-props=\"{}\">\u00a0<\/span><\/p>\n<p><span data-contrast=\"auto\">Plazo de presentaci\u00f3n de instancias<\/span><span data-contrast=\"auto\">: Desde 21 de febrero hasta 4 de abril.<\/span><span data-ccp-props=\"{}\">\u00a0<\/span><\/p>\n<p>&nbsp;<\/p>\n<h3>Documentaci\u00f3n<\/h3>\n<ul>\n<li><a href=\"https:\/\/drive.google.com\/file\/d\/1PfOPjkGqAQUkfWuhP3hh3UEqykaXi71k\/view?usp=sharing\"><span data-contrast=\"none\">Pliego de condiciones<\/span><\/a><span data-ccp-props=\"{}\">\u00a0<\/span><\/li>\n<li><a href=\"https:\/\/drive.google.com\/file\/d\/1mUn9Li5G9JS81WtUYAk-ARVPwMBQ0dxN\/view?usp=sharing\"><span data-contrast=\"none\">Anexo I<\/span><\/a><span data-ccp-props=\"{}\">\u00a0<\/span>\n<ul>\n<li><span data-contrast=\"auto\">Documentaci\u00f3n com\u00fan a todos los inmuebles.<\/span><span data-ccp-props=\"{}\">\u00a0<\/span>\n<ul>\n<li><span data-contrast=\"auto\">Plano \u00e1mbito del barrio Cabanyal-Canyamelar<\/span><span data-ccp-props=\"{}\">\u00a0<\/span><\/li>\n<li><span data-contrast=\"auto\">Plano con localizaci\u00f3n inmuebles<\/span><span data-ccp-props=\"{}\">\u00a0<\/span><\/li>\n<\/ul>\n<\/li>\n<li><span data-contrast=\"auto\">Documentaci\u00f3n relativa a cada uno de los inmuebles.<\/span><span data-ccp-props=\"{}\">\u00a0<\/span>\n<ul>\n<li><span data-contrast=\"auto\">Ficha de car\u00e1cter general.<\/span><span data-ccp-props=\"{}\">\u00a0<\/span><\/li>\n<li><span data-contrast=\"auto\">Ficha catastral.<\/span><span data-ccp-props=\"{}\">\u00a0<\/span><\/li>\n<li><span data-contrast=\"auto\">Ficha urban\u00edstica.<\/span><span data-ccp-props=\"{}\">\u00a0<\/span><\/li>\n<li><span data-contrast=\"auto\">Anexo fotogr\u00e1fico.<\/span><span data-ccp-props=\"{}\">\u00a0<\/span><\/li>\n<\/ul>\n<\/li>\n<\/ul>\n<\/li>\n<li><a href=\"https:\/\/drive.google.com\/file\/d\/1EChI1x-Sd5kgJuWlhTHog5b1hFYo-30_\/view?usp=sharing\"><span data-contrast=\"none\">Anexo II (Modelo de Oferta Econ\u00f3mica)<\/span><\/a><span data-ccp-props=\"{}\">\u00a0<\/span><\/li>\n<li><a href=\"https:\/\/drive.google.com\/file\/d\/1NWBNcQRip-qNeiFERHlH-ICqiMmcJXzR\/view?usp=sharing\"><span data-contrast=\"none\">Modelo de instancia<\/span><\/a><span data-ccp-props=\"{}\">\u00a0<\/span><\/li>\n<li><a href=\"https:\/\/drive.google.com\/file\/d\/11M8Wypvv2ju_5nsBcIcV_ACe6RKDRA_e\/view?usp=sharing\"><span data-contrast=\"none\">Modelo DR I<\/span><\/a><span data-ccp-props=\"{}\">\u00a0<\/span><\/li>\n<li><a href=\"https:\/\/drive.google.com\/file\/d\/1V614CTLuGORNwHTIFCphOyUK0y6OgShm\/view?usp=sharing\"><span data-contrast=\"none\">Modelo DR II<\/span><\/a><span data-ccp-props=\"{}\">\u00a0<\/span><\/li>\n<li><a href=\"https:\/\/drive.google.com\/file\/d\/1ACh3hTYT0L3beI8SUfGnlhPSAQWjgjZi\/view?usp=sharing\"><span data-contrast=\"none\">Modelo DR III<\/span><\/a><span data-ccp-props=\"{}\">\u00a0<\/span><\/li>\n<li><a href=\"https:\/\/drive.google.com\/file\/d\/1sEs_nfYMBIYZraRvlYGpppuqRHjUdxFU\/view?usp=sharing\"><span data-contrast=\"none\">Modelo de representaci\u00f3n<\/span><\/a><span data-ccp-props=\"{}\">\u00a0<\/span><\/li>\n<\/ul>\n<p><span data-contrast=\"auto\">\u202f<\/span><span data-ccp-props=\"{}\">\u00a0<\/span><\/p>\n<h3>Expedientes que forman parte de la licitaci\u00f3n L1-025<\/h3>\n<ul>\n<li><span data-contrast=\"auto\">L1-025\/01 \u2013 Escalante, 216\u202f<\/span><a href=\"https:\/\/drive.google.com\/file\/d\/1I3iB2Weik4HPe-MbMR6FS6fBRE43jd5Y\/view?usp=sharing\"><span data-contrast=\"none\">(enlace a la ficha)<\/span><\/a><span data-ccp-props=\"{}\">\u00a0<\/span><\/li>\n<li><span data-contrast=\"auto\">L1-025-02 \u2013 Francisco Eximenis 13-Bajo\u202f<\/span><a href=\"https:\/\/drive.google.com\/file\/d\/1HPe4qNB95w3ZIx1K3h7p3flOKoSqKfe8\/view?usp=sharing\"><span data-contrast=\"none\">(enlace a la ficha)<\/span><\/a><span data-ccp-props=\"{}\">\u00a0<\/span><\/li>\n<li><span data-contrast=\"auto\">L1-025-03 \u2013 Progreso 99-Bajo\u202f<\/span><a href=\"https:\/\/drive.google.com\/file\/d\/1go92JDwNr6jHWnc9lIwnXIlomRe5HAP_\/view?usp=sharing\"><span data-contrast=\"none\">(enlace a la ficha)<\/span><\/a><span data-ccp-props=\"{}\">\u00a0<\/span><\/li>\n<li><span data-contrast=\"auto\">L1-025-04 \u2013 Juan Mercader 38-Bajo dch\u202f<\/span><a href=\"https:\/\/drive.google.com\/file\/d\/1RuJpF3rG258_AB0aw-j0A7apWJjbUe0M\/view?usp=sharing\"><span data-contrast=\"none\">(enlace a la ficha)<\/span><\/a><span data-ccp-props=\"{}\">\u00a0<\/span><\/li>\n<li><span data-contrast=\"auto\">L1-025-05 \u2013 San Pedro 105\u202f<\/span><a href=\"https:\/\/drive.google.com\/file\/d\/1v9CW7Mwyam8NhGAtxzMcDlvR-I1a4Jhn\/view?usp=sharing\"><span data-contrast=\"none\">(enlace a la ficha)<\/span><\/a><span data-ccp-props=\"{}\">\u00a0<\/span><\/li>\n<li><span data-contrast=\"auto\">L1-025-06 \u2013 San Pedro 109\u202f<\/span><a href=\"https:\/\/drive.google.com\/file\/d\/14d45e4s83_Ku2-JPl_7h1_yDvtNLp6pu\/view?usp=sharing\"><span data-contrast=\"none\">(enlace a la ficha)<\/span><\/a><span data-ccp-props=\"{}\">\u00a0<\/span><\/li>\n<\/ul>\n<p>&nbsp;<\/p>\n<h3>Visitas a los inmuebles<\/h3>\n<p><span data-contrast=\"auto\">Los inmuebles objeto de enajenaci\u00f3n mediante la licitaci\u00f3n L1-025 podr\u00e1n ser visitados\u202f<\/span><b><span data-contrast=\"auto\">desde el d\u00eda 03\/03\/2025 hasta el d\u00eda 28\/03\/2025,\u202f<\/span><\/b><span data-contrast=\"auto\">siguiendo las indicaciones que figuran en el\u202f<\/span><a href=\"https:\/\/drive.google.com\/file\/d\/1jfhGlulaXeFcP6XqDV7cN1OTRKebGBfk\/view?usp=sharing\"><span data-contrast=\"none\">Comunicado de Gerencia (calendario de visitas)<\/span><\/a><span data-contrast=\"auto\">.<\/span><span data-ccp-props=\"{}\">\u00a0<\/span><\/p>\n<p><a href=\"https:\/\/drive.google.com\/file\/d\/1gBf6N9OmdDOYePlTgprcyl1C4lPyqNcT\/view?usp=sharing\"><span data-contrast=\"none\">Calendario de Visitas Especial Fallas<\/span><\/a><span data-ccp-props=\"{}\">\u00a0<\/span><\/p>\n<p>&nbsp;<\/p>\n<h3>Publicaciones relativas a la licitaci\u00f3n L1-025<\/h3>\n<ul>\n<li><a href=\"https:\/\/plancabanyal.es\/wp-content\/uploads\/2025\/06\/Comunicado-Gerencia_Calendario-de-Visitas-L1-025-F.pdf\">Comunicado Gerencia_Calendario de Visitas L1-025-F<\/a><\/li>\n<li><a href=\"https:\/\/plancabanyal.es\/wp-content\/uploads\/2025\/06\/250410_Resol_Instancias-presentadas.pdf\">250410_Resoluci\u00f3n Gerencia_Instancias presentadas<\/a><\/li>\n<li><a href=\"https:\/\/plancabanyal.es\/wp-content\/uploads\/2025\/06\/250411_Acta_Apertura-Sobre-II.pdf\">250411_Acta_Apertura Sobre II (Documentaci\u00f3n administrativa)<\/a><\/li>\n<li><a href=\"https:\/\/plancabanyal.es\/wp-content\/uploads\/2025\/06\/250415_Comunicado-Gerencia_Apertura-Sobre-I.pdf\">250415_Comunicado Gerencia_Apertura Sobre I (Proposiciones econ\u00f3micas)<\/a><\/li>\n<li><a href=\"https:\/\/plancabanyal.es\/wp-content\/uploads\/2025\/06\/250424_Acta-Apertura-Sobre-I_F.pdf\">250424_Acta Apertura Sobre I (Proposiciones econ\u00f3micas)<\/a><\/li>\n<li><a href=\"https:\/\/plancabanyal.es\/wp-content\/uploads\/2025\/06\/250507_Barem-definitiva-y-propuesta-de-adjudicac_F.pdf\">250507_Baremaci\u00f3n definitiva y propuesta de adjudicaci\u00f3n<\/a><\/li>\n<li><a href=\"https:\/\/plancabanyal.es\/wp-content\/uploads\/2025\/06\/250507_Resol_Gerencia_Adjudicaciones_F.pdf\">250507_Resoluci\u00f3n Gerencia_Adjudicaciones<\/a><\/li>\n<li><a href=\"https:\/\/plancabanyal.es\/wp-content\/uploads\/2025\/07\/250722_Resol_actualiz_adjudicatarios_F.pdf\" target=\"_blank\" rel=\"noopener\">250722_Resoluci\u00f3n Actualizaci\u00f3n adjudicatarios<\/a><\/li>\n<\/ul>\n<p>&nbsp;<\/p>\n<p><a href=\"https:\/\/contrataciondelestado.es\/wps\/poc?uri=deeplink:detalle_licitacion&amp;idEvl=6WZfJ0J4%2Fm44NavIWzMcHA%3D%3D\">Enlace a la licitaci\u00f3n en la Plataforma de Contrataci\u00f3n del Sector P\u00fablico<\/a>[\/vc_column_text][\/vc_tta_section][vc_tta_section title=&#8221;L1-024&#8243; tab_id=&#8221;1749553009347-4720ee99-e00f&#8221;][vc_column_text]De acuerdo con el objeto social de la entidad, la presente oferta de enajenaci\u00f3n de inmuebles persigue la rehabilitaci\u00f3n, revitalizaci\u00f3n y regeneraci\u00f3n del barrio Cabanyal-Canyamelar, propiciando la rehabilitaci\u00f3n y habitaci\u00f3n de locales y viviendas vac\u00edas, con la incorporaci\u00f3n de nuevos residentes.<\/p>\n<p>&nbsp;<\/p>\n<p><strong>Presentaci\u00f3n de instancias<\/strong><\/p>\n<p>Las instancias se presentar\u00e1n en la forma prevenida en la Cl\u00e1usula 9 del Pliego de condiciones, por Registro de Entrada de PCCSA, en su oficina sita en C\/Amparo Guillem, 4, 46011 Valencia, o, alternativamente, por correo postal a la misma direcci\u00f3n.<\/p>\n<p><u>Plazo de presentaci\u00f3n de instancias<\/u>: Del 5 de junio hasta el 17 de julio.<\/p>\n<p><strong>\u00a0<\/strong><\/p>\n<p><strong>Documentaci\u00f3n<\/strong><\/p>\n<ul>\n<li><a href=\"https:\/\/drive.google.com\/file\/d\/1j_BKGkxFo0EUBjUQPQIJIm09suXB0DvW\/view?usp=sharing\" target=\"_blank\" rel=\"noopener\">Pliego de condiciones<\/a><\/li>\n<li><a href=\"https:\/\/drive.google.com\/file\/d\/1Bk9GAJvDDxMHNbAA10HBnc_z4M9U4hAP\/view?usp=sharing\" target=\"_blank\" rel=\"noopener\">Anexo I<\/a>\n<ul>\n<li>Documentaci\u00f3n com\u00fan a todos los inmuebles.\n<ul>\n<li>Plano \u00e1mbito del barrio Cabanyal-Canyamelar<\/li>\n<li>Plano con localizaci\u00f3n inmuebles<\/li>\n<\/ul>\n<\/li>\n<li>Documentaci\u00f3n relativa a cada uno de los inmuebles.\n<ul>\n<li>Ficha de car\u00e1cter general.<\/li>\n<li>Ficha catastral.<\/li>\n<li>Ficha urban\u00edstica.<\/li>\n<li>Anexo fotogr\u00e1fico.<\/li>\n<\/ul>\n<\/li>\n<\/ul>\n<\/li>\n<li><a href=\"https:\/\/drive.google.com\/file\/d\/1sbT5xoSPbpWJOCYC-tlun0SJZD3Ykh2Y\/view?usp=sharing\" target=\"_blank\" rel=\"noopener\">Anexo II (Modelo de Oferta Econ\u00f3mica)<\/a><\/li>\n<li><a href=\"https:\/\/drive.google.com\/file\/d\/1gayV1DHoj3TqrZcR8gzkw92Pf3nmhgRG\/view?usp=sharing\" target=\"_blank\" rel=\"noopener\">Modelo de instancia<\/a><\/li>\n<li><a href=\"https:\/\/drive.google.com\/file\/d\/1rI5l3Dqd8_bl7V4DM-qnfFmlHy-SnBB0\/view?usp=sharing\" target=\"_blank\" rel=\"noopener\">Modelo DR I<\/a><\/li>\n<li><a href=\"https:\/\/drive.google.com\/file\/d\/1YdZIJtifFq148fZpUzqSQhBLfHtzbRDs\/view?usp=sharing\" target=\"_blank\" rel=\"noopener\">Modelo DR II<\/a><\/li>\n<li><a href=\"https:\/\/drive.google.com\/file\/d\/1TzrGVbOsPT8F_iUgZtzHcEfcTN7gQotb\/view?usp=sharing\"><span data-contrast=\"none\">Modelo DR III<\/span><\/a><span data-ccp-props=\"{}\">\u00a0<\/span><\/li>\n<li><a href=\"https:\/\/drive.google.com\/file\/d\/1MUHgcrNKEyy9HNrQ5b-PmRtyJ88SxeBB\/view?usp=sharing\"><span data-contrast=\"none\">Modelo de representaci\u00f3n<\/span><\/a><span data-ccp-props=\"{}\">\u00a0<\/span><\/li>\n<\/ul>\n<p>&nbsp;<\/p>\n<p><b><span data-contrast=\"auto\">Expedientes que forman parte de la licitaci\u00f3n<\/span><\/b><span data-ccp-props=\"{}\">\u00a0<\/span><\/p>\n<ul>\n<li><span data-contrast=\"auto\">L1-024\/01 \u2013 Francisco Eximenis, 35\u202f<\/span><a href=\"https:\/\/drive.google.com\/file\/d\/11IcWkN-6B_zehDai2MZyEZt5jc9rHmdV\/view?usp=sharing\"><span data-contrast=\"none\">(enlace a la ficha)<\/span><\/a><span data-ccp-props=\"{}\">\u00a0<\/span><\/li>\n<li><span data-contrast=\"auto\">L1-024-02 \u2013 Lu\u00eds Despuig, 18-1\u00aa\u202f<\/span><a href=\"https:\/\/drive.google.com\/file\/d\/1C_pPQkhIgQOBASenu61OzIPbRXnresdd\/view?usp=sharing\"><span data-contrast=\"none\">(enlace a la ficha)<\/span><\/a><span data-ccp-props=\"{}\">\u00a0<\/span><\/li>\n<li><span data-contrast=\"auto\">L1-024-03 \u2013 Lu\u00eds Despuig, 18-BJ \u2013 San Pedro, 31\u202f<\/span><a href=\"https:\/\/drive.google.com\/file\/d\/1o3uN6QHrMOGVD2Cjv7lVAe0P2PfifFQL\/view?usp=sharing\"><span data-contrast=\"none\">(enlace a la ficha)<\/span><\/a><span data-ccp-props=\"{}\">\u00a0<\/span><\/li>\n<li><span data-contrast=\"auto\">L1-024-04 \u2013 Lu\u00eds Despuig, 20\u202f<\/span><a href=\"https:\/\/drive.google.com\/file\/d\/1u97pOhWPRw2irRZAXMF5HMSLuctsE4ZR\/view?usp=sharing\"><span data-contrast=\"none\">(enlace a la ficha)<\/span><\/a><span data-ccp-props=\"{}\">\u00a0<\/span><\/li>\n<li><span data-contrast=\"auto\">L1-024-05 \u2013 Padre Lu\u00eds Navarro, 221\u202f<\/span><a href=\"https:\/\/drive.google.com\/file\/d\/1q5qxfOp6ErzjaD8lI05kNrxZARnkUU34\/view?usp=sharing\"><span data-contrast=\"none\">(enlace a la ficha)<\/span><\/a><span data-ccp-props=\"{}\">\u00a0<\/span><\/li>\n<li><span data-contrast=\"auto\">L1-024-06 \u2013 Progreso, 16 \u2013 Progreso, 18\u202f<\/span><a href=\"https:\/\/drive.google.com\/file\/d\/1hiFp__ARFh1jbRVtJS7-eyxLXvI9WImM\/view?usp=sharing\"><span data-contrast=\"none\">(enlace a la ficha)<\/span><\/a><span data-ccp-props=\"{}\">\u00a0<\/span><\/li>\n<li><span data-contrast=\"auto\">L1-024-07 \u2013 Progreso, 215\u202f<\/span><a href=\"https:\/\/drive.google.com\/file\/d\/15JY4Xj3_yr3Tz6QTUprn2xQnsr1LD0GT\/view?usp=sharing\"><span data-contrast=\"none\">(enlace a la ficha)<\/span><\/a><span data-ccp-props=\"{}\">\u00a0<\/span><\/li>\n<li><span data-contrast=\"auto\">L1-024-08 \u2013 San Pedro, 33\u202f<\/span><a href=\"https:\/\/drive.google.com\/file\/d\/1F0QEguBfub6Vr-EUJ6rBm4yUdK9lAgRB\/view?usp=sharing\"><span data-contrast=\"none\">(enlace a la ficha)<\/span><\/a><span data-ccp-props=\"{}\">\u00a0<\/span><\/li>\n<li><span data-contrast=\"auto\">L1-024-09 \u2013 Vidal de Ca\u00f1elles 7 BJ IZQ\u202f<\/span><a href=\"https:\/\/drive.google.com\/file\/d\/1Nd7oQGl24PQErY1CKAN-mGW6v8xO8oX6\/view?usp=sharing\"><span data-contrast=\"none\">(enlace a la ficha)<\/span><\/a><span data-ccp-props=\"{}\">\u00a0<\/span><\/li>\n<li><span data-contrast=\"auto\">L1-024-10 \u2013 Vidal de Ca\u00f1elles, 8 BJ IZQ\u202f<\/span><a href=\"https:\/\/drive.google.com\/file\/d\/10JXUzrOU_PdvLOG7T8Uvq3VUkv9fw-B7\/view?usp=sharing\"><span data-contrast=\"none\">(enlace a la ficha)<\/span><\/a><span data-ccp-props=\"{}\">\u00a0<\/span><\/li>\n<li><span data-contrast=\"auto\">L1-024-11 \u2013 Vidal de Ca\u00f1elles, 10 BJ DR\u202f<\/span><a href=\"https:\/\/drive.google.com\/file\/d\/1kLKHonZm41tqQD4a4NFcxb4CAIlHsepV\/view?usp=sharing\"><span data-contrast=\"none\">(enlace a la ficha)<\/span><\/a><span data-ccp-props=\"{}\">\u00a0<\/span><\/li>\n<li><span data-contrast=\"auto\">L1-024-12 \u2013 Progreso, 202 1 DCH \u2013 Progreso, 202 1 IZQ\u202f<\/span><a href=\"https:\/\/drive.google.com\/file\/d\/1WQxPHaLOLiefXYhdGNBrODN15Vew4Z9-\/view?usp=sharing\"><span data-contrast=\"none\">(enlace a la ficha)<\/span><\/a><span data-ccp-props=\"{}\">\u00a0<\/span><\/li>\n<\/ul>\n<p><span data-contrast=\"auto\">\u202f<\/span><span data-ccp-props=\"{}\">\u00a0<\/span><\/p>\n<p><span data-contrast=\"auto\">\u202f<\/span><strong> Am<\/strong><b><span data-contrast=\"auto\">pliaci\u00f3n del plazo de visitas a los inmuebles<\/span><\/b><span data-ccp-props=\"{}\">\u00a0<\/span><\/p>\n<p><span data-contrast=\"auto\">Los inmuebles objeto de enajenaci\u00f3n mediante la licitaci\u00f3n L1-024 podr\u00e1n ser visitados\u202f<\/span><b><span data-contrast=\"auto\">hasta el d\u00eda\u202f12\/07\/2024<\/span><\/b><span data-contrast=\"auto\">, siguiendo las indicaciones que figuran en el siguiente Comunicado de Gerencia (<\/span><a href=\"https:\/\/contrataciondelestado.es\/wps\/wcm\/connect\/dbd0e974-5572-4dc2-af9c-d2b49dbf5dc9\/DOC20240626084633240626_Comunicado+Gerencia_Ampliacion+plazo+de+visitas-F.pdf?MOD=AJPERES\"><span data-contrast=\"none\">calendario de visitas<\/span><\/a><span data-contrast=\"auto\">).<\/span><span data-ccp-props=\"{}\">\u00a0<\/span><\/p>\n<p>&nbsp;<\/p>\n<p><b><span data-contrast=\"auto\">Visitas a los inmuebles<\/span><\/b><\/p>\n<p><span data-contrast=\"auto\">\u202f<\/span><span data-contrast=\"auto\">Los inmuebles objeto de enajenaci\u00f3n mediante la licitaci\u00f3n L1-024 podr\u00e1n ser visitados\u202f<\/span><b><span data-contrast=\"auto\">desde el d\u00eda 17\/06\/2024 hasta el d\u00eda 28\/06\/2024,\u202f<\/span><\/b><span data-contrast=\"auto\">siguiendo las indicaciones que figuran en el Comunicado de Gerencia (<\/span><a href=\"https:\/\/contrataciondelestado.es\/wps\/wcm\/connect\/0f95725e-f7ad-4d58-97ae-987a76b0a8d2\/DOC20240607122408Comunicado+Gerencia_Calendario+de+Visitas+L1-024+rectificado-F.pdf?MOD=AJPERES\"><span data-contrast=\"none\">calendario de visitas<\/span><\/a><span data-contrast=\"auto\">).<\/span><span data-ccp-props=\"{}\">\u00a0<\/span><\/p>\n<p>&nbsp;<\/p>\n<p><b><span data-contrast=\"auto\">Publicaciones relativas a la licitaci\u00f3n L1-024<\/span><\/b><span data-ccp-props=\"{}\">\u00a0<\/span><\/p>\n<ul>\n<li><a href=\"https:\/\/contrataciondelestado.es\/wps\/wcm\/connect\/bee98f87-aa49-4b16-b060-cafe44aa529f\/DOC20240718122057240718_Resolucion+de+Gerencia_instancias+presentadas.pdf?MOD=AJPERES\"><span data-contrast=\"none\">18\/7\/24 Resoluci\u00f3n gerencia \u2013 Instancias presentadas<\/span><\/a><span data-ccp-props=\"{}\">\u00a0<\/span><\/li>\n<li><a href=\"https:\/\/contrataciondelestado.es\/wps\/wcm\/connect\/921a8b54-56e4-48ac-9d3d-f38d0facbcd0\/DOC20240730100707240730_Comunicado+Gerencia_Apertura+Sobre+II-F.pdf?MOD=AJPERES\"><span data-contrast=\"none\">240730_Comunicado Gerencia_Apertura Sobre II<\/span><\/a><span data-ccp-props=\"{}\">\u00a0<\/span><\/li>\n<li><a href=\"https:\/\/contrataciondelestado.es\/wps\/wcm\/connect\/5aedd98d-eefa-44c5-adc1-3824d9b86230\/DOC20240730142145240730_Acta_Apertura+Sobre+II_doc+administrativa.pdf?MOD=AJPERES\"><span data-contrast=\"none\">240730_Acta_Apertura Sobre II_Documentaci\u00f3n Administrativa<\/span><\/a><span data-ccp-props=\"{}\">\u00a0<\/span><\/li>\n<li><a href=\"https:\/\/contrataciondelestado.es\/FileSystem\/servlet\/GetDocumentByIdServlet?DocumentIdParam=jQdC7K%2BV1o47LEHUpNw1SZkkUPA1vCkjLRyPzJPqVSti1pbWkDZqP2LuBBcd0e23dmETBm4\/jRIZckL3\/f2VrwkA3gpW00j0XdDeoOqDAA%2BCx2e6p7hqtlp2aFupgHMr&amp;cifrado=QUC1GjXXSiLkydRHJBmbpw%3D%3D\"><span data-contrast=\"none\">240903_Comunicado Gerencia Apertura Sobre I<\/span><\/a><span data-ccp-props=\"{}\">\u00a0<\/span><\/li>\n<li><a href=\"https:\/\/contrataciondelestado.es\/FileSystem\/servlet\/GetDocumentByIdServlet?DocumentIdParam=zfJiwNrli4IRfZ4qxYnDZ7hu\/VnZ5%2BrbwC2YUqI7VuyippLYg4aXS%2BKXHVh8P\/lQJjFhVHY7xUVyoqTYztLJhfEqcEiuekRWAolJEGpH%2B%2BmHAj0WEJrB5sP7amrh2jBD&amp;cifrado=QUC1GjXXSiLkydRHJBmbpw%3D%3D\"><span data-contrast=\"none\">240911_Acta apertura Sobre I \u2013 Plataforma de contrataci\u00f3n<\/span><\/a><span data-ccp-props=\"{}\">\u00a0<\/span><\/li>\n<li><a href=\"https:\/\/plancabanyal.es\/wp-content\/uploads\/2024\/09\/240911_Acta-Apertura-Sobre-I_F.pdf\"><span data-contrast=\"none\">240911_Acta apertura Sobre I \u2013\u202f<\/span><b><span data-contrast=\"none\">Pdf<\/span><\/b><\/a><span data-ccp-props=\"{}\">\u00a0<\/span><\/li>\n<li><a href=\"https:\/\/contrataciondelestado.es\/FileSystem\/servlet\/GetDocumentByIdServlet?DocumentIdParam=KuPaA7FxM7\/fVjijOImW90mFAXbGRaw%2Bfj99RFYWFzUmRWwBuZ\/WCfDb3LrwySph94LcObzQCzRtVrnvIt7%2Bz5YmTxvzstyRVanVy3qtruaB0nvVKRzfe4rpHcnlPhSZ&amp;cifrado=QUC1GjXXSiLkydRHJBmbpw%3D%3D\"><span data-contrast=\"none\">240923_Baremaci\u00f3n definitiva y propuesta de adjudicaci\u00f3n<\/span><\/a><span data-ccp-props=\"{}\">\u00a0<\/span><\/li>\n<li><a href=\"https:\/\/plancabanyal.es\/wp-content\/uploads\/2024\/09\/240924_Barem-definitiva-y-propuesta-de-adjudic.pdf\"><span data-contrast=\"none\">240923_Baremaci\u00f3n definitiva y propuesta de adjudicaci\u00f3n \u2013\u202f<\/span><b><span data-contrast=\"none\">Pdf<\/span><\/b><\/a><span data-ccp-props=\"{}\">\u00a0<\/span><\/li>\n<li><a href=\"https:\/\/contrataciondelestado.es\/FileSystem\/servlet\/GetDocumentByIdServlet?DocumentIdParam=DuStKFS6ugnSl2KzzIJoHjKbV4aIM8maJoaJcQJW1UooUgTAc4c877Qb84AtdO9vUQhdXwj1JtPH87lQ3coKL9vKoNXyq660FLUCDIVGopSHAj0WEJrB5sP7amrh2jBD&amp;cifrado=QUC1GjXXSiLkydRHJBmbpw%3D%3D\"><span data-contrast=\"none\">240924_Resoluci\u00f3n de Gerencia Adjudicaci\u00f3n<\/span><\/a><span data-ccp-props=\"{}\">\u00a0<\/span><\/li>\n<li><a href=\"https:\/\/plancabanyal.es\/wp-content\/uploads\/2024\/09\/240924_Resol-Gerencia_Adjudicaciones.pdf\"><span data-contrast=\"none\">240924_Resoluci\u00f3n de Gerencia Adjudicaci\u00f3n \u2013\u202f<\/span><b><span data-contrast=\"none\">Pdf<\/span><\/b><\/a><span data-ccp-props=\"{}\">\u00a0<\/span><\/li>\n<li><a href=\"https:\/\/plancabanyal.es\/wp-content\/uploads\/2024\/06\/241108_Resolucion-Gerencia_actualizacion-listado-adjudicatarios_F.pdf\"><span data-contrast=\"none\">241108_Resoluci\u00f3n Gerencia_actualizaci\u00f3n listado adjudicatarios_F<\/span><\/a><span data-ccp-props=\"{}\">\u00a0<\/span><\/li>\n<li><a href=\"https:\/\/plancabanyal.es\/wp-content\/uploads\/2025\/01\/250103_Resol-Gerencia_actualizacion-listado-adjudicatarios-F.pdf\"><span data-contrast=\"none\">250103_Resoluci\u00f3n Gerencia_actualizaci\u00f3n listado adjudicatarios_F<\/span><\/a><span data-ccp-props=\"{}\">\u00a0<\/span><\/li>\n<\/ul>\n<p><span data-ccp-props=\"{}\">\u00a0<\/span>[\/vc_column_text][\/vc_tta_section][vc_tta_section title=&#8221;L1-023&#8243; tab_id=&#8221;1749555575935-452367ca-5f10&#8243;][vc_column_text]El objeto del expediente es la venta de inmuebles que se integran en el patrimonio de la sociedad, mediante un procedimiento reglado, donde priman la publicidad y concurrencia, transparencia, igualdad y no discriminaci\u00f3n y de acuerdo con el objeto social de la sociedad p\u00fablica, persiguiendo la rehabilitaci\u00f3n, revitalizaci\u00f3n y regeneraci\u00f3n del barrio Cabanyal\u2010Canyamelar, y propiciando la habitaci\u00f3n de viviendas vac\u00edas y la incorporaci\u00f3n de nuevos residentes y nuevas actividades.<\/p>\n<p>&nbsp;<\/p>\n<p><strong>Documentaci\u00f3n:<\/strong><\/p>\n<ul>\n<li><a href=\"https:\/\/plancabanyal.es\/wp-content\/uploads\/2023\/06\/Pliego_L1-023_Con-Anexos_F.pdf\"><span data-contrast=\"none\">Pliego de Condiciones y sus Anexos<\/span><\/a><span data-ccp-props=\"{}\">\u00a0<\/span><\/li>\n<li><a href=\"https:\/\/plancabanyal.es\/wp-content\/uploads\/2023\/06\/Guia-presentacion-ofertas-1.pdf\"><span data-contrast=\"none\">Gu\u00eda presentaci\u00f3n ofertas<\/span><\/a><span data-ccp-props=\"{}\">\u00a0<\/span><\/li>\n<li><a href=\"https:\/\/plancabanyal.es\/wp-content\/uploads\/2023\/05\/230529_Ventas-negro.pdf\"><span data-contrast=\"none\">Plano emplazamiento<\/span><\/a><span data-ccp-props=\"{}\">\u00a0<\/span><\/li>\n<li><a href=\"https:\/\/plancabanyal.es\/wp-content\/uploads\/2023\/06\/Comunicado-Gerencia_Calendario-de-Visitas-L1-023_F.pdf\"><span data-contrast=\"none\">Comunicado Gerencia \u2013 Calendario visitas<\/span><\/a><span data-ccp-props=\"{}\">\u00a0<\/span><\/li>\n<li><a href=\"https:\/\/plancabanyal.es\/wp-content\/uploads\/2023\/06\/230614_Aclaraciones-pliego_L1-023_F.pdf\"><span data-contrast=\"none\">230614_Aclaraciones Pliego<\/span><\/a><span data-ccp-props=\"{}\">\u00a0<\/span><\/li>\n<li><a href=\"https:\/\/contrataciondelestado.es\/wps\/wcm\/connect\/a54e7be2-3aca-4c7a-a60f-3ef60918d65b\/DOC20230620093008230620_Aclaraciones+Pliego+L1-023_F.pdf?MOD=AJPERES\"><span data-contrast=\"none\">230620_Aclaraciones Pliego<\/span><\/a><span data-ccp-props=\"{}\">\u00a0<\/span><\/li>\n<li><a href=\"https:\/\/contrataciondelestado.es\/wps\/wcm\/connect\/12606cc2-237d-4ed5-ac35-69aacc4808da\/DOC20230629083821230628_Comunicado+Gerencia_F.pdf?MOD=AJPERES\"><span data-contrast=\"none\">230628_Comunicado Gerencia informaci\u00f3n inmuebles ofertados<\/span><\/a><span data-ccp-props=\"{}\">\u00a0<\/span><\/li>\n<li><a href=\"https:\/\/plancabanyal.es\/wp-content\/uploads\/2023\/07\/230725_Comunicado-Gerencia_F.pdf\"><span data-contrast=\"none\">230725_Comunicado Gerencia subsanaci\u00f3n errores asignaci\u00f3n n\u00famero de registro de entrada<\/span><\/a><span data-ccp-props=\"{}\">\u00a0<\/span><\/li>\n<li><a href=\"https:\/\/contrataciondelestado.es\/wps\/wcm\/connect\/96e3d48c-4374-45f2-b7af-28187fa4a18a\/DOC20230905095832Resolucion+de+Gerencia+Def+Instancias+presentadas_F.pdf?MOD=AJPERES\"><span data-contrast=\"none\">230905_Resoluci\u00f3n Gerencia Instancias presentadas<\/span><\/a><span data-ccp-props=\"{}\">\u00a0<\/span><\/li>\n<li><a href=\"https:\/\/plancabanyal.es\/wp-content\/uploads\/2024\/01\/240108_Comunicado-Gerencia-apertura-sobre-II-def-003-F.pdf\"><span data-contrast=\"none\">240108_Comunicado Gerencia apertura sobre II<\/span><\/a><span data-ccp-props=\"{}\">\u00a0<\/span><\/li>\n<li><a href=\"https:\/\/plancabanyal.es\/wp-content\/uploads\/2024\/01\/240116_Acta-Apertura-Sobre-II-relativo-a-la-documentacion-administrativa-F.pdf\"><span data-contrast=\"none\">240116_Acta apertura sobre II<\/span><\/a><span data-ccp-props=\"{}\">\u00a0<\/span><\/li>\n<li><a href=\"https:\/\/plancabanyal.es\/wp-content\/uploads\/2024\/01\/240117_Correccion-de-errores-Acta-apertura-sobre-II-F.pdf\"><span data-contrast=\"none\">240117_Correcci\u00f3n errores Acta apertura sobre II<\/span><\/a><span data-ccp-props=\"{}\">\u00a0<\/span><\/li>\n<li><a href=\"https:\/\/contrataciondelestado.es\/wps\/wcm\/connect\/1c9ff43c-2e8a-4d57-85dc-0aff1f10c69c\/DOC20240124110750Comunicado+Gerencia_Apertura+sobre+I_F.pdf?MOD=AJPERES\"><span data-contrast=\"none\">240124_Comunicado Gerencia apertura sobre I<\/span><\/a><span data-ccp-props=\"{}\">\u00a0<\/span><\/li>\n<li><a href=\"https:\/\/plancabanyal.es\/wp-content\/uploads\/2024\/02\/Acta-Apertura-Sobre-I-relativo-a-las-proposiciones-economicas-DEFINITIVO-F.pdf\"><span data-contrast=\"none\">240202_Acta apertura sobre I<\/span><\/a><span data-ccp-props=\"{}\">\u00a0<\/span><\/li>\n<li><a href=\"https:\/\/contrataciondelestado.es\/wps\/wcm\/connect\/608eddbf-b431-4970-a18f-8d2e26c0d34e\/DOC20240212145707Resolucion+Gerencia+Adjudicaciones+F.pdf?MOD=AJPERES\"><span data-contrast=\"none\">240212_Resoluci\u00f3n Gerencia Adjudicaciones<\/span><\/a><span data-ccp-props=\"{}\">\u00a0<\/span><\/li>\n<li><a href=\"https:\/\/contrataciondelestado.es\/wps\/wcm\/connect\/900b0029-37b5-4c80-930e-63c52a6b8099\/DOC20240216115004Baremacion+definitiva+L1-023.pdf?MOD=AJPERES\"><span data-contrast=\"none\">Baremaci\u00f3n definitiva<\/span><\/a><span data-ccp-props=\"{}\">\u00a0<\/span><\/li>\n<li><a href=\"https:\/\/contrataciondelestado.es\/wps\/wcm\/connect\/7ac03469-9502-4c53-bf25-a5324ba16a7a\/DOC20240304150416240304_Resolucion_actualizacion+adjudicatarios-F.pdf?MOD=AJPERES\"><span data-contrast=\"none\">240304_Actualizaci\u00f3n lista adjudicatarios<\/span><\/a><span data-ccp-props=\"{}\">\u00a0<\/span><\/li>\n<\/ul>\n<p><span data-ccp-props=\"{}\"> <a href=\"https:\/\/contrataciondelestado.es\/wps\/poc?uri=deeplink:detalle_licitacion&amp;idEvl=WbGTqkfGDHSdkQsA7ROvsg%3D%3D\">Enlace a la licitaci\u00f3n en la Plataforma de Contrataci\u00f3n del Sector P\u00fablico<\/a><\/span>[\/vc_column_text][\/vc_tta_section][vc_tta_section title=&#8221;L1-022&#8243; tab_id=&#8221;1749560024672-dae26b02-521e&#8221;][vc_column_text]El objeto del expediente es la venta de inmuebles que se integran en el patrimonio de la sociedad, mediante un procedimiento reglado, donde priman la publicidad y concurrencia, transparencia, igualdad y no discriminaci\u00f3n y de acuerdo con el objeto social de la sociedad p\u00fablica, persiguiendo la rehabilitaci\u00f3n, revitalizaci\u00f3n y regeneraci\u00f3n del barrio Cabanyal\u2010Canyamelar, y propiciando la habitaci\u00f3n de viviendas vac\u00edas y la incorporaci\u00f3n de nuevos residentes y nuevas actividades.<\/p>\n<p>&nbsp;<\/p>\n<p><strong>Documentaci\u00f3n<\/strong><\/p>\n<ul>\n<li><a href=\"https:\/\/plancabanyal.es\/wp-content\/uploads\/2022\/06\/DEF-220517_Pliegos-enajenacion-inmuebles-PCCSA_F.pdf%22%20\/t%20%22_blank\"><span data-contrast=\"none\">Pliego de Condiciones<\/span><\/a><span data-contrast=\"auto\">\u202f\/\u202f<\/span><a href=\"https:\/\/plancabanyal.es\/wp-content\/uploads\/2022\/06\/DEF-220617_Plecs-alienacio-immobles-PCCSA_F.pdf%22%20\/t%20%22_blank\"><span data-contrast=\"none\">Plec de Condicions<\/span><\/a><span data-ccp-props=\"{}\">\u00a0<\/span><\/li>\n<li><a href=\"https:\/\/plancabanyal.es\/wp-content\/uploads\/2022\/06\/2022_INSTANCIA-PRESENTACIO-PLICAS-INSTANCIA-PRESENTACION-PLICAS.pdf\"><span data-contrast=\"none\">Instancia presentaci\u00f3n ofertas<\/span><\/a><span data-ccp-props=\"{}\">\u00a0<\/span><\/li>\n<li><a href=\"https:\/\/plancabanyal.es\/wp-content\/uploads\/2022\/06\/Anexo-II-Oferta-economica-.pdf\"><span data-contrast=\"none\">Anexo II \u2013 Oferta econ\u00f3mica<\/span><\/a><span data-contrast=\"auto\">\u202f\/\u202f<\/span><a href=\"https:\/\/plancabanyal.es\/wp-content\/uploads\/2022\/06\/Annex-II-Oferta-economica.pdf%22%20\/t%20%22_blank\"><span data-contrast=\"none\">Annex II \u2013 Oferta econ\u00f2mica<\/span><\/a><span data-ccp-props=\"{}\">\u00a0<\/span><\/li>\n<li><a href=\"https:\/\/plancabanyal.es\/wp-content\/uploads\/2022\/07\/Anexo-II-Oferta-economica-varios-ofertantes.pdf\"><span data-contrast=\"none\">Anexo II \u2013 Of. econ\u00f3mica (varios ofertantes)<\/span><\/a><span data-contrast=\"auto\">\u202f\/\u202f<\/span><a href=\"https:\/\/plancabanyal.es\/wp-content\/uploads\/2022\/07\/ANNEX-II-varios-ofertants-DEF.pdf%22%20\/t%20%22_blank\"><span data-contrast=\"none\">Annex II \u2013 Of. econ\u00f2mica (varios ofertants)<\/span><\/a><span data-ccp-props=\"{}\">\u00a0<\/span><\/li>\n<li><a href=\"https:\/\/plancabanyal.es\/wp-content\/uploads\/2022\/06\/Anexo_III-ELECCIO-DIMMOBLE.-ORDRE-DE-PREFERENCIA-ELECCION-INMUEBLE.-ORDEN-DE-PREFERENCIA.pdf\"><span data-contrast=\"none\">Anexo III \u2013 Elecci\u00f3n inmueble \u2013 Orden preferencia inmueble<\/span><\/a><span data-ccp-props=\"{}\">\u00a0<\/span><\/li>\n<li><a href=\"https:\/\/plancabanyal.es\/wp-content\/uploads\/2022\/06\/Anexo-V-Formulario-autobaremacion.pdf\"><span data-contrast=\"none\">Anexo V \u2013 Formulario autobaremaci\u00f3n<\/span><\/a><span data-ccp-props=\"{}\">\u00a0<\/span><\/li>\n<li><a href=\"https:\/\/plancabanyal.es\/wp-content\/uploads\/2022\/06\/DR_I-residencia-habitual.pdf\"><span data-contrast=\"none\">DR I \u2013 Residencia habitual<\/span><\/a><span data-contrast=\"auto\">\u202f\/\u202f<\/span><a href=\"https:\/\/plancabanyal.es\/wp-content\/uploads\/2022\/06\/DR_I-residencia-habitual-1.pdf\"><span data-contrast=\"none\">DR I \u2013 Resid\u00e8ncia habitual<\/span><\/a><span data-ccp-props=\"{}\">\u00a0<\/span><\/li>\n<li><a href=\"https:\/\/plancabanyal.es\/wp-content\/uploads\/2022\/06\/DR_II-uso-residencial-en-alquiler.pdf\"><span data-contrast=\"none\">DR II \u2013 Uso residencial en alquiler<\/span><\/a><span data-contrast=\"auto\">\u202f\/\u202f<\/span><a href=\"https:\/\/plancabanyal.es\/wp-content\/uploads\/2022\/06\/DR_II-us-residencial-en-alquiler.pdf\"><span data-contrast=\"none\">DR II \u2013 \u00das residencial en alquiler<\/span><\/a><span data-ccp-props=\"{}\">\u00a0<\/span><\/li>\n<li><a href=\"https:\/\/plancabanyal.es\/wp-content\/uploads\/2022\/06\/DR_III-uso-distinto-al-residencial.pdf\"><span data-contrast=\"none\">DR III \u2013 Uso diferente al residencial<\/span><\/a><span data-contrast=\"auto\">\u202f\/\u202f<\/span><a href=\"https:\/\/plancabanyal.es\/wp-content\/uploads\/2022\/06\/DR_III-us-diferent-al-residencial.pdf\"><span data-contrast=\"none\">DR III \u2013 \u00das diferent al residencial<\/span><\/a><span data-ccp-props=\"{}\">\u00a0<\/span><\/li>\n<li><a href=\"https:\/\/plancabanyal.es\/wp-content\/uploads\/2022\/06\/DR_IV-rehabilitacion-o-reedificacion.pdf\"><span data-contrast=\"none\">DR IV \u2013 Rehabilitaci\u00f3n o reedificaci\u00f3n<\/span><\/a><span data-contrast=\"auto\">\u202f\/\u202f<\/span><a href=\"https:\/\/plancabanyal.es\/wp-content\/uploads\/2022\/06\/DR_IV-rehabilitacio-o-reedificacio.pdf\"><span data-contrast=\"none\">DR IV \u2013 Rehabilitaci\u00f3 o reedificaci\u00f3<\/span><\/a><span data-ccp-props=\"{}\">\u00a0<\/span><\/li>\n<li><a href=\"https:\/\/plancabanyal.es\/wp-content\/uploads\/2022\/06\/Modelo-de-representacion.pdf\"><span data-contrast=\"none\">Modelo de representaci\u00f3n<\/span><\/a><span data-contrast=\"auto\">\u202f\/\u202f<\/span><a href=\"https:\/\/plancabanyal.es\/wp-content\/uploads\/2022\/06\/Model-de-representacio.pdf\"><span data-contrast=\"none\">Model de representaci\u00f3<\/span><\/a><span data-ccp-props=\"{}\">\u00a0<\/span><\/li>\n<li><a href=\"https:\/\/plancabanyal.es\/wp-content\/uploads\/2022\/05\/220125_Ventas-A4.pdf\"><span data-contrast=\"none\">Plano emplazamiento<\/span><\/a><span data-ccp-props=\"{}\">\u00a0<\/span><\/li>\n<li><a href=\"https:\/\/plancabanyal.es\/wp-content\/uploads\/2022\/06\/Informacion-de-interes-licitacion-inmuebles.pdf\"><span data-contrast=\"none\">INFORMACI\u00d3N DE INTER\u00c9S<\/span><\/a><span data-ccp-props=\"{}\">\u00a0<\/span><\/li>\n<li><a href=\"https:\/\/plancabanyal.es\/wp-content\/uploads\/2022\/06\/220627_Convocatoria-visitas-inmuebles-L1-022.pdf\"><span data-contrast=\"none\">CONVOCATORIA VISITAS<\/span><\/a><span data-ccp-props=\"{}\">\u00a0<\/span><\/li>\n<li><a href=\"https:\/\/plancabanyal.es\/wp-content\/uploads\/2022\/07\/220718_Interpretaciones-pliego_F.pdf\"><span data-contrast=\"none\">NOTA ACLARATORIA \u2013 INTERPRETACIONES PLIEGO DE CONDICIONES<\/span><\/a><span data-ccp-props=\"{}\">\u00a0<\/span><\/li>\n<li><a href=\"https:\/\/plancabanyal.es\/wp-content\/uploads\/2022\/07\/220721_Interpret_pliego_02_F-1.pdf\"><span data-contrast=\"none\">NOTA ACLARATORIA 2 \u2013 INTERPRETACIONES PLIEGO DE CONDICIONES<\/span><\/a><span data-ccp-props=\"{}\">\u00a0<\/span><\/li>\n<li><a href=\"https:\/\/plancabanyal.es\/wp-content\/uploads\/2022\/09\/2022_Diligencias-L1-022_TODAS_F.pdf\"><span data-contrast=\"none\">DILIGENCIAS OFERTAS PRESENTADAS<\/span><\/a><span data-ccp-props=\"{}\">\u00a0<\/span><\/li>\n<li><a href=\"https:\/\/plancabanyal.es\/wp-content\/uploads\/2022\/09\/2022_Diligencias-L1-022_TODAS-def_F.pdf\"><span data-contrast=\"none\">DILIGENCIAS OFERTAS PRESENTADAS RECTIF.<\/span><\/a><span data-ccp-props=\"{}\">\u00a0<\/span><\/li>\n<li><a href=\"https:\/\/plancabanyal.es\/wp-content\/uploads\/2022\/09\/220906_Acta-6-sept.-Sobre-II.pdf\"><span data-contrast=\"none\">220906_ACTA APERTURA P\u00daBLICA SOBRE II<\/span><\/a><span data-ccp-props=\"{}\">\u00a0<\/span><\/li>\n<li><a href=\"https:\/\/plancabanyal.es\/wp-content\/uploads\/2022\/09\/220907-Acta-7-sept-Sobre-II.pdf\"><span data-contrast=\"none\">220907_ACTA APERTURA P\u00daBLICA SOBRE II<\/span><\/a><span data-ccp-props=\"{}\">\u00a0<\/span><\/li>\n<li><a href=\"https:\/\/plancabanyal.es\/wp-content\/uploads\/2022\/09\/220908-Acta-8-sept-Sobre-II-1.pdf\"><span data-contrast=\"none\">220908_ACTA APERTURA P\u00daBLICA SOBRE II<\/span><\/a><span data-ccp-props=\"{}\">\u00a0<\/span><\/li>\n<li><a href=\"https:\/\/plancabanyal.es\/wp-content\/uploads\/2022\/09\/220920_Comunicado-Gerencia-Apertura-sobre-I_def_F.pdf\"><span data-contrast=\"none\">220920_COMUNICACI\u00d3N APERTURA OFERTA ECON\u00d3MICA<\/span><\/a><span data-ccp-props=\"{}\">\u00a0<\/span><\/li>\n<li><a href=\"https:\/\/plancabanyal.es\/wp-content\/uploads\/2022\/09\/Acta-definitiva_Rafa.Sandra.JoseMaria_Vicente_F.pdf\"><span data-contrast=\"none\">220927_ACTA LICITADORES ADMITIDOS\/EXCLUIDOS<\/span><\/a><span data-ccp-props=\"{}\">\u00a0<\/span><\/li>\n<li><a href=\"https:\/\/contrataciondelestado.es\/FileSystem\/servlet\/GetDocumentByIdServlet?cifrado=QUC1GjXXSiLkydRHJBmbpw%3D%3D&amp;DocumentIdParam=6ECW0H\/40GSI0kIWOLAxODcc3OyU3sdrrTCVeJMeLKxOm9M93XX\/iiF7CCw7Am4d\/mFZmI7K3v3keMDGFJhbyqLEZCJwqXq6ZnoVZI6TtkE%3D\"><span data-contrast=\"none\">220928_ACTA APERTURA SOBRE I \u2013 OFERTA ECON\u00d3MICA<\/span><\/a><span data-ccp-props=\"{}\">\u00a0<\/span><\/li>\n<li><a href=\"https:\/\/contrataciondelestado.es\/FileSystem\/servlet\/GetDocumentByIdServlet?cifrado=QUC1GjXXSiLkydRHJBmbpw%3D%3D&amp;DocumentIdParam=YG3ytdLe0c4X3xU9KQ9FBZSYQOJgJdC1Evx67Bl6qAV1Xbx8fuuMqqdY\/2rY4ayZO4WKa4\/c2NpMdvx2HbzIY5w7JjOGCqlPUj3YKoLKjck%3D\"><span data-contrast=\"none\">221010_BAREMACI\u00d3N DEFINITIVA<\/span><\/a><span data-ccp-props=\"{}\">\u00a0<\/span><\/li>\n<li><a href=\"https:\/\/contrataciondelestado.es\/FileSystem\/servlet\/GetDocumentByIdServlet?cifrado=QUC1GjXXSiLkydRHJBmbpw%3D%3D&amp;DocumentIdParam=6ECW0H\/40GSI0kIWOLAxODcc3OyU3sdrrTCVeJMeLKxOm9M93XX\/iiF7CCw7Am4d\/mFZmI7K3v3keMDGFJhbyqLEZCJwqXq6ZnoVZI6TtkE%3D\"><span data-contrast=\"none\">221018_COMUNICADO ADJUDICACI\u00d3N PROVISIONAL Y DESISTIMIENTO DE OFERTAS<\/span><\/a><span data-ccp-props=\"{}\">\u00a0<\/span><\/li>\n<li><a href=\"https:\/\/contrataciondelestado.es\/FileSystem\/servlet\/GetDocumentByIdServlet?cifrado=QUC1GjXXSiLkydRHJBmbpw%3D%3D&amp;DocumentIdParam=Ojcsj\/CTXiI2SE4rF0MkZAJBKXN1VWmV8sSGsqmgHR075O2fpFUepLYMjwyJu6YoiB5%2BtLCBrIE4O%2ByJ915CupdZ3RZP3DgDCfUEQ5NAyds%3D\"><span data-contrast=\"none\">221024_RESOLUCI\u00d3N GERENCIA ADJUDICACIONES<\/span><\/a><span data-ccp-props=\"{}\">\u00a0<\/span><\/li>\n<li><a href=\"https:\/\/contrataciondelestado.es\/FileSystem\/servlet\/GetDocumentByIdServlet?cifrado=QUC1GjXXSiLkydRHJBmbpw%3D%3D&amp;DocumentIdParam=MZ3otN8hLJ7U70CLLtlVozGMyYRqWmGcV3t09hV1pxs2i21Y8noRyPBEFfPnhgi5k0Adk0tDc%2BKA\/%2B47T8Iqt2BkbEXo89ZQ3qF6lqF5gzM%3D\"><span data-contrast=\"none\">221124_ACTUALIZACI\u00d3N LISTADO ADJUDICATARIOS<\/span><\/a><span data-ccp-props=\"{}\">\u00a0<\/span><\/li>\n<li><a href=\"https:\/\/contrataciondelestado.es\/FileSystem\/servlet\/GetDocumentByIdServlet?cifrado=QUC1GjXXSiLkydRHJBmbpw%3D%3D&amp;DocumentIdParam=rF7it9KFMd%2BNsB4lCMaBgTkjnLZ\/\/C7xp\/%2BmXR7\/HZpD0t5eheS0eG9aJJFL3tI9P3M5mgNBI6GVdrt66jqIzcKGlr1S8cqPGCd6pNOVulk%3D\"><span data-contrast=\"none\">230120_ACTUALIZACI\u00d3N LISTADO ADJUDICATARIOS<\/span><\/a><span data-ccp-props=\"{}\">\u00a0<\/span><\/li>\n<li><a href=\"https:\/\/contrataciondelestado.es\/FileSystem\/servlet\/GetDocumentByIdServlet?cifrado=QUC1GjXXSiLkydRHJBmbpw%3D%3D&amp;DocumentIdParam=Y6Hcr1gpj88By1TSUhvq1TtgEiQyg7QLHe\/pzNKDIj4aPIFuWH2R\/y7a2UDwtZoIAv5x8gDMQgItCp9eSc9XBHwrhlg8LKHnDNBCh01qUVk%3D\"><span data-contrast=\"none\">230414_ACTUALIZACI\u00d3N LISTADO ADJUDICATARIOS<\/span><\/a><span data-ccp-props=\"{}\">\u00a0<\/span><\/li>\n<\/ul>\n<p>&nbsp;<\/p>\n<p><a href=\"https:\/\/contrataciondelestado.es\/wps\/poc?uri=deeplink:detalle_licitacion&amp;idEvl=8%2FlsLy3rwn5vYnTkQN0%2FZA%3D%3D\">Enlace a la licitaci\u00f3n en la Plataforma de Contrataci\u00f3n del Sector P\u00fablico<\/a>[\/vc_column_text][\/vc_tta_section][\/vc_tta_accordion][\/vc_column][\/vc_row]<\/p>\n","protected":false},"excerpt":{"rendered":"<p>[vc_row][vc_column][vc_separator][vc_column_text] Licitaciones inmuebles PCCSA [\/vc_column_text][vc_tta_accordion style=&#8221;modern&#8221; active_section=&#8221;19&#8243; collapsible_all=&#8221;true&#8221; css=&#8221;.vc_custom_1749753804010{background-color: #ffffff !important;}&#8221;][vc_tta_section title=&#8221;L2-025&#8243; tab_id=&#8221;1749553009338-e92f1526-8ff3&#8243;][vc_column_text]\u202f\u00a0 De acuerdo con el objeto social de [&hellip;]<\/p>\n","protected":false},"author":2,"featured_media":0,"parent":195,"menu_order":0,"comment_status":"closed","ping_status":"closed","template":"","meta":{"site-sidebar-layout":"no-sidebar","site-content-layout":"plain-container","ast-site-content-layout":"default","site-content-style":"default","site-sidebar-style":"default","ast-global-header-display":"","ast-banner-title-visibility":"","ast-main-header-display":"","ast-hfb-above-header-display":"","ast-hfb-below-header-display":"","ast-hfb-mobile-header-display":"","site-post-title":"disabled","ast-breadcrumbs-content":"","ast-featured-img":"disabled","footer-sml-layout":"","theme-transparent-header-meta":"default","adv-header-id-meta":"","stick-header-meta":"","header-above-stick-meta":"","header-main-stick-meta":"","header-below-stick-meta":"","astra-migrate-meta-layouts":"set","ast-page-background-enabled":"default","ast-page-background-meta":{"desktop":{"background-color":"var(--ast-global-color-5)","background-image":"","background-repeat":"repeat","background-position":"center center","background-size":"auto","background-attachment":"scroll","background-type":"","background-media":"","overlay-type":"","overlay-color":"","overlay-opacity":"","overlay-gradient":""},"tablet":{"background-color":"","background-image":"","background-repeat":"repeat","background-position":"center center","background-size":"auto","background-attachment":"scroll","background-type":"","background-media":"","overlay-type":"","overlay-color":"","overlay-opacity":"","overlay-gradient":""},"mobile":{"background-color":"","background-image":"","background-repeat":"repeat","background-position":"center center","background-size":"auto","background-attachment":"scroll","background-type":"","background-media":"","overlay-type":"","overlay-color":"","overlay-opacity":"","overlay-gradient":""}},"ast-content-background-meta":{"desktop":{"background-color":"var(--ast-global-color-4)","background-image":"","background-repeat":"repeat","background-position":"center center","background-size":"auto","background-attachment":"scroll","background-type":"","background-media":"","overlay-type":"","overlay-color":"","overlay-opacity":"","overlay-gradient":""},"tablet":{"background-color":"var(--ast-global-color-4)","background-image":"","background-repeat":"repeat","background-position":"center center","background-size":"auto","background-attachment":"scroll","background-type":"","background-media":"","overlay-type":"","overlay-color":"","overlay-opacity":"","overlay-gradient":""},"mobile":{"background-color":"var(--ast-global-color-4)","background-image":"","background-repeat":"repeat","background-position":"center center","background-size":"auto","background-attachment":"scroll","background-type":"","background-media":"","overlay-type":"","overlay-color":"","overlay-opacity":"","overlay-gradient":""}}},"acf":[],"_links":{"self":[{"href":"https:\/\/plancabanyal.es\/en\/wp-json\/wp\/v2\/pages\/12682"}],"collection":[{"href":"https:\/\/plancabanyal.es\/en\/wp-json\/wp\/v2\/pages"}],"about":[{"href":"https:\/\/plancabanyal.es\/en\/wp-json\/wp\/v2\/types\/page"}],"author":[{"embeddable":true,"href":"https:\/\/plancabanyal.es\/en\/wp-json\/wp\/v2\/users\/2"}],"replies":[{"embeddable":true,"href":"https:\/\/plancabanyal.es\/en\/wp-json\/wp\/v2\/comments?post=12682"}],"version-history":[{"count":9,"href":"https:\/\/plancabanyal.es\/en\/wp-json\/wp\/v2\/pages\/12682\/revisions"}],"predecessor-version":[{"id":12889,"href":"https:\/\/plancabanyal.es\/en\/wp-json\/wp\/v2\/pages\/12682\/revisions\/12889"}],"up":[{"embeddable":true,"href":"https:\/\/plancabanyal.es\/en\/wp-json\/wp\/v2\/pages\/195"}],"wp:attachment":[{"href":"https:\/\/plancabanyal.es\/en\/wp-json\/wp\/v2\/media?parent=12682"}],"curies":[{"name":"wp","href":"https:\/\/api.w.org\/{rel}","templated":true}]}}